{"id":2105,"date":"2021-03-14T22:08:00","date_gmt":"2021-03-15T03:08:00","guid":{"rendered":"https:\/\/procana.org\/site\/?page_id=2105"},"modified":"2021-03-15T17:29:25","modified_gmt":"2021-03-15T22:29:25","slug":"articulos-revista","status":"publish","type":"page","link":"https:\/\/procana.org\/site\/articulos-revista\/","title":{"rendered":"Art\u00edculos Revista"},"content":{"rendered":"<p>[et_pb_section fb_built=&#8221;1&#8243; custom_padding_last_edited=&#8221;on|phone&#8221; disabled_on=&#8221;on|on|off&#8221; admin_label=&#8221;Section&#8221; _builder_version=&#8221;4.8.1&#8243; _module_preset=&#8221;default&#8221; background_color=&#8221;rgba(10,10,10,0.03)&#8221; background_image=&#8221;https:\/\/procana.org\/site\/wp-content\/uploads\/2021\/03\/banner-afiliados-01.png&#8221; background_size=&#8221;contain&#8221; custom_margin=&#8221;30px||||false|false&#8221; custom_margin_tablet=&#8221;&#8221; custom_margin_phone=&#8221;&#8221; custom_margin_last_edited=&#8221;on|phone&#8221; custom_padding=&#8221;360px||0px|0px|false|false&#8221; custom_padding_tablet=&#8221;&#8221; custom_padding_phone=&#8221;|||60px|false|false&#8221; custom_css_main_element=&#8221;top:0px;||width:100%;&#8221; locked=&#8221;off&#8221;][\/et_pb_section][et_pb_section fb_built=&#8221;1&#8243; custom_padding_last_edited=&#8221;on|phone&#8221; disabled_on=&#8221;off|off|on&#8221; admin_label=&#8221;Section&#8221; _builder_version=&#8221;4.8.1&#8243; _module_preset=&#8221;default&#8221; background_color=&#8221;rgba(10,10,10,0.03)&#8221; background_image=&#8221;https:\/\/procana.org\/site\/wp-content\/uploads\/2021\/03\/banner-afiliados-01.png&#8221; background_size=&#8221;contain&#8221; background_position=&#8221;center_right&#8221; custom_margin=&#8221;0px||-15px||false|false&#8221; custom_margin_tablet=&#8221;&#8221; custom_margin_phone=&#8221;&#8221; custom_margin_last_edited=&#8221;on|phone&#8221; custom_padding=&#8221;200px||0px|0px|false|false&#8221; custom_padding_tablet=&#8221;&#8221; custom_padding_phone=&#8221;|||60px|false|false&#8221; custom_css_main_element=&#8221;top:0px;||width:100%;&#8221; locked=&#8221;off&#8221;][\/et_pb_section][et_pb_section fb_built=&#8221;1&#8243; _builder_version=&#8221;4.8.1&#8243; _module_preset=&#8221;default&#8221; custom_padding=&#8221;19px|||||&#8221;][et_pb_row _builder_version=&#8221;4.8.1&#8243; _module_preset=&#8221;default&#8221; background_enable_image=&#8221;off&#8221; background_position=&#8221;top_center&#8221; width=&#8221;90%&#8221; max_width=&#8221;100%&#8221; custom_margin=&#8221;0px|auto||auto|false|false&#8221; locked=&#8221;off&#8221;][et_pb_column type=&#8221;4_4&#8243; _builder_version=&#8221;4.8.1&#8243; _module_preset=&#8221;default&#8221;][et_pb_text disabled_on=&#8221;off|off|off&#8221; _builder_version=&#8221;4.8.1&#8243; _module_preset=&#8221;default&#8221; text_font=&#8221;Oswald||||||||&#8221; custom_margin=&#8221;-3px||-2px||false|false&#8221; custom_padding=&#8221;|||80px|false|false&#8221;]<\/p>\n<h1 style=\"color: #173b72;\">Art\u00edculos Revista<\/h1>\n<p>[\/et_pb_text][et_pb_code _builder_version=&#8221;4.8.1&#8243; _module_preset=&#8221;default&#8221; width=&#8221;91%&#8221; module_alignment=&#8221;center&#8221; hover_enabled=&#8221;0&#8243; sticky_enabled=&#8221;0&#8243;]<style><\/style><div class=\"wplp_outside wplp_widget_2104\" style=\"max-width:100%;\"><span class=\"wpcu_block_title\"><\/span><div id=\"wplp_widget_2104\" class=\"wplp_widget_default wplp_container vertical swiper wplp-swiper default cols4\" data-theme=\"default\" data-post=\"2104\" style=\"\" data-max-elts=\"30\" data-per-page=\"300\"><div class=\"wplp_listposts swiper-wrapper\" id=\"default_2104\" style=\"width: 100%;\" ><div class=\"swiper-slide\" style=\"\"><div class=\"insideframe\"><div id=\"wplp_box_top_2104_10478\" class=\"wpcu-front-box top equalHeightImg\" ><div class=\"wplp-box-item\"><a href=\"https:\/\/procana.org\/site\/una-historia-de-compromiso-servicio\/\"  class=\"thumbnail\"><span class=\"img_cropper\" style=\"margin-top:8px;margin-right:15px;margin-bottom:16px;max-width:100%;\"><img decoding=\"async\" src=\"https:\/\/procana.org\/site\/wp-content\/uploads\/2026\/03\/IMG_8625-1-1024x710.jpg\" style=\"aspect-ratio:4\/3;\" srcset=\"\" alt=\"Una historia de compromiso y servicio\" class=\"swiper-lazy wplp_thumb\" \/><div class=\"swiper-lazy-preloader\"><\/div><\/span><\/a><a href=\"https:\/\/procana.org\/site\/una-historia-de-compromiso-servicio\/\"  class=\"title\">Una historia de compromiso y servicio<\/a><\/div><\/div><div id=\"wplp_box_left_2104_10478\" class=\"wpcu-front-box left wpcu-custom-position\" ><div class=\"wplp-box-item\"><\/div><\/div><div id=\"wplp_box_right_2104_10478\" class=\"wpcu-front-box right wpcu-custom-position\" ><div class=\"wplp-box-item\"><\/div><\/div><div id=\"wplp_box_bottom_2104_10478\" class=\"wpcu-front-box bottom \" ><div class=\"wplp-box-item\"><span class=\"custom_fields\">\n<!-- WPLP Unknown field: Custom_Fields -->\n<\/span><\/div><\/div><\/div><\/div><div class=\"swiper-slide\" style=\"\"><div class=\"insideframe\"><div id=\"wplp_box_top_2104_10401\" class=\"wpcu-front-box top equalHeightImg\" ><div class=\"wplp-box-item\"><a href=\"https:\/\/procana.org\/site\/economia-circular-cana-azucar\/\"  class=\"thumbnail\"><span class=\"img_cropper\" style=\"margin-top:8px;margin-right:15px;margin-bottom:16px;max-width:100%;\"><img decoding=\"async\" src=\"https:\/\/procana.org\/site\/wp-content\/uploads\/2026\/02\/image.png\" style=\"aspect-ratio:4\/3;\" srcset=\"\" alt=\"De la ca\u00f1a todo se aprovecha, nada se pierde\" class=\"swiper-lazy wplp_thumb\" \/><div class=\"swiper-lazy-preloader\"><\/div><\/span><\/a><a href=\"https:\/\/procana.org\/site\/economia-circular-cana-azucar\/\"  class=\"title\">De la ca\u00f1a todo se aprovecha, nada se pierde<\/a><\/div><\/div><div id=\"wplp_box_left_2104_10401\" class=\"wpcu-front-box left wpcu-custom-position\" ><div class=\"wplp-box-item\"><\/div><\/div><div id=\"wplp_box_right_2104_10401\" class=\"wpcu-front-box right wpcu-custom-position\" ><div class=\"wplp-box-item\"><\/div><\/div><div id=\"wplp_box_bottom_2104_10401\" class=\"wpcu-front-box bottom \" ><div class=\"wplp-box-item\"><span class=\"custom_fields\">\n<!-- WPLP Unknown field: Custom_Fields -->\n<\/span><\/div><\/div><\/div><\/div><div class=\"swiper-slide\" style=\"\"><div class=\"insideframe\"><div id=\"wplp_box_top_2104_10377\" class=\"wpcu-front-box top equalHeightImg\" ><div class=\"wplp-box-item\"><a href=\"https:\/\/procana.org\/site\/conservacion-del-suelo-cultivo-cana\/\"  class=\"thumbnail\"><span class=\"img_cropper\" style=\"margin-top:8px;margin-right:15px;margin-bottom:16px;max-width:100%;\"><img decoding=\"async\" src=\"https:\/\/procana.org\/site\/wp-content\/uploads\/2026\/02\/IMG-20251113-WA0043-1024x768.jpg\" style=\"aspect-ratio:4\/3;\" srcset=\"\" alt=\"La conservaci\u00f3n del suelo protege la rentabilidad hoy y abre oportunidades para ma\u00f1ana\" class=\"swiper-lazy wplp_thumb\" \/><div class=\"swiper-lazy-preloader\"><\/div><\/span><\/a><a href=\"https:\/\/procana.org\/site\/conservacion-del-suelo-cultivo-cana\/\"  class=\"title\">La conservaci\u00f3n del suelo protege la rentabilidad hoy y abre oportunidades para ma\u00f1ana<\/a><\/div><\/div><div id=\"wplp_box_left_2104_10377\" class=\"wpcu-front-box left wpcu-custom-position\" ><div class=\"wplp-box-item\"><\/div><\/div><div id=\"wplp_box_right_2104_10377\" class=\"wpcu-front-box right wpcu-custom-position\" ><div class=\"wplp-box-item\"><\/div><\/div><div id=\"wplp_box_bottom_2104_10377\" class=\"wpcu-front-box bottom \" ><div class=\"wplp-box-item\"><span class=\"custom_fields\">\n<!-- WPLP Unknown field: Custom_Fields -->\n<\/span><\/div><\/div><\/div><\/div><div class=\"swiper-slide\" style=\"\"><div class=\"insideframe\"><div id=\"wplp_box_top_2104_10154\" class=\"wpcu-front-box top equalHeightImg\" ><div class=\"wplp-box-item\"><a href=\"https:\/\/procana.org\/site\/balsilla-sas-cuidadores-de-la-tierra\/\"  class=\"thumbnail\"><span class=\"img_cropper\" style=\"margin-top:8px;margin-right:15px;margin-bottom:16px;max-width:100%;\"><img decoding=\"async\" src=\"https:\/\/procana.org\/site\/wp-content\/uploads\/2025\/11\/LII-ASAMBLEA-DE-AFILIADOS-PROCANA-2025-1-1024x683.jpg\" style=\"aspect-ratio:4\/3;\" srcset=\"\" alt=\"Balsilla SAS, cuidadores de la tierra\" class=\"swiper-lazy wplp_thumb\" \/><div class=\"swiper-lazy-preloader\"><\/div><\/span><\/a><a href=\"https:\/\/procana.org\/site\/balsilla-sas-cuidadores-de-la-tierra\/\"  class=\"title\">Balsilla SAS, cuidadores de la tierra<\/a><\/div><\/div><div id=\"wplp_box_left_2104_10154\" class=\"wpcu-front-box left wpcu-custom-position\" ><div class=\"wplp-box-item\"><\/div><\/div><div id=\"wplp_box_right_2104_10154\" class=\"wpcu-front-box right wpcu-custom-position\" ><div class=\"wplp-box-item\"><\/div><\/div><div id=\"wplp_box_bottom_2104_10154\" class=\"wpcu-front-box bottom \" ><div class=\"wplp-box-item\"><span class=\"custom_fields\">\n<!-- WPLP Unknown field: Custom_Fields -->\n<\/span><\/div><\/div><\/div><\/div><div class=\"swiper-slide\" style=\"\"><div class=\"insideframe\"><div id=\"wplp_box_top_2104_10266\" class=\"wpcu-front-box top equalHeightImg\" ><div class=\"wplp-box-item\"><a href=\"https:\/\/procana.org\/site\/43-caminos-para-cumplirle-al-campo\/\"  class=\"thumbnail\"><span class=\"img_cropper\" style=\"margin-top:8px;margin-right:15px;margin-bottom:16px;max-width:100%;\"><img decoding=\"async\" src=\"https:\/\/procana.org\/site\/wp-content\/uploads\/2026\/01\/IMG_7759-788x1024.png\" style=\"aspect-ratio:4\/3;\" srcset=\"\" alt=\"43 caminos para cumplirle al campo\" class=\"swiper-lazy wplp_thumb\" \/><div class=\"swiper-lazy-preloader\"><\/div><\/span><\/a><a href=\"https:\/\/procana.org\/site\/43-caminos-para-cumplirle-al-campo\/\"  class=\"title\">43 caminos para cumplirle al campo<\/a><\/div><\/div><div id=\"wplp_box_left_2104_10266\" class=\"wpcu-front-box left wpcu-custom-position\" ><div class=\"wplp-box-item\"><\/div><\/div><div id=\"wplp_box_right_2104_10266\" class=\"wpcu-front-box right wpcu-custom-position\" ><div class=\"wplp-box-item\"><\/div><\/div><div id=\"wplp_box_bottom_2104_10266\" class=\"wpcu-front-box bottom \" ><div class=\"wplp-box-item\"><span class=\"custom_fields\">\n<!-- WPLP Unknown field: Custom_Fields -->\n<\/span><\/div><\/div><\/div><\/div><div class=\"swiper-slide\" style=\"\"><div class=\"insideframe\"><div id=\"wplp_box_top_2104_10237\" class=\"wpcu-front-box top equalHeightImg\" ><div class=\"wplp-box-item\"><a href=\"https:\/\/procana.org\/site\/que-esperar-del-mercado-del-azucar\/\"  class=\"thumbnail\"><span class=\"img_cropper\" style=\"margin-top:8px;margin-right:15px;margin-bottom:16px;max-width:100%;\"><img decoding=\"async\" src=\"https:\/\/procana.org\/site\/wp-content\/uploads\/2026\/01\/image.png\" style=\"aspect-ratio:4\/3;\" srcset=\"\" alt=\"\u00bfQu\u00e9 esperar del mercado del az\u00facar?\" class=\"swiper-lazy wplp_thumb\" \/><div class=\"swiper-lazy-preloader\"><\/div><\/span><\/a><a href=\"https:\/\/procana.org\/site\/que-esperar-del-mercado-del-azucar\/\"  class=\"title\">\u00bfQu\u00e9 esperar del mercado del az\u00facar?<\/a><\/div><\/div><div id=\"wplp_box_left_2104_10237\" class=\"wpcu-front-box left wpcu-custom-position\" ><div class=\"wplp-box-item\"><\/div><\/div><div id=\"wplp_box_right_2104_10237\" class=\"wpcu-front-box right wpcu-custom-position\" ><div class=\"wplp-box-item\"><\/div><\/div><div id=\"wplp_box_bottom_2104_10237\" class=\"wpcu-front-box bottom \" ><div class=\"wplp-box-item\"><span class=\"custom_fields\">\n<!-- WPLP Unknown field: Custom_Fields -->\n<\/span><\/div><\/div><\/div><\/div><div class=\"swiper-slide\" style=\"\"><div class=\"insideframe\"><div id=\"wplp_box_top_2104_10222\" class=\"wpcu-front-box top equalHeightImg\" ><div class=\"wplp-box-item\"><a href=\"https:\/\/procana.org\/site\/retos-y-preparacion-del-cultivo-de-cana-2026\/\"  class=\"thumbnail\"><span class=\"img_cropper\" style=\"margin-top:8px;margin-right:15px;margin-bottom:16px;max-width:100%;\"><img decoding=\"async\" src=\"https:\/\/procana.org\/site\/wp-content\/uploads\/2025\/12\/AFS9486-2.jpg\" style=\"aspect-ratio:4\/3;\" srcset=\"\" alt=\"Retos y preparaci\u00f3n del cultivo de ca\u00f1a 2026\" class=\"swiper-lazy wplp_thumb\" \/><div class=\"swiper-lazy-preloader\"><\/div><\/span><\/a><a href=\"https:\/\/procana.org\/site\/retos-y-preparacion-del-cultivo-de-cana-2026\/\"  class=\"title\">Retos y preparaci\u00f3n del cultivo de ca\u00f1a 2026<\/a><\/div><\/div><div id=\"wplp_box_left_2104_10222\" class=\"wpcu-front-box left wpcu-custom-position\" ><div class=\"wplp-box-item\"><\/div><\/div><div id=\"wplp_box_right_2104_10222\" class=\"wpcu-front-box right wpcu-custom-position\" ><div class=\"wplp-box-item\"><\/div><\/div><div id=\"wplp_box_bottom_2104_10222\" class=\"wpcu-front-box bottom \" ><div class=\"wplp-box-item\"><span class=\"custom_fields\">\n<!-- WPLP Unknown field: Custom_Fields -->\n<\/span><\/div><\/div><\/div><\/div><div class=\"swiper-slide\" style=\"\"><div class=\"insideframe\"><div id=\"wplp_box_top_2104_10201\" class=\"wpcu-front-box top equalHeightImg\" ><div class=\"wplp-box-item\"><a href=\"https:\/\/procana.org\/site\/unidos-por-la-cana-balance-2025-retos-2026\/\"  class=\"thumbnail\"><span class=\"img_cropper\" style=\"margin-top:8px;margin-right:15px;margin-bottom:16px;max-width:100%;\"><img decoding=\"async\" src=\"https:\/\/procana.org\/site\/wp-content\/uploads\/2025\/12\/TABLA-PROCANA.png\" style=\"aspect-ratio:4\/3;\" srcset=\"\" alt=\"Unidos por la ca\u00f1a: aprendizajes del a\u00f1o y retos 2026\" class=\"swiper-lazy wplp_thumb\" \/><div class=\"swiper-lazy-preloader\"><\/div><\/span><\/a><a href=\"https:\/\/procana.org\/site\/unidos-por-la-cana-balance-2025-retos-2026\/\"  class=\"title\">Unidos por la ca\u00f1a: aprendizajes del a\u00f1o y retos 2026<\/a><\/div><\/div><div id=\"wplp_box_left_2104_10201\" class=\"wpcu-front-box left wpcu-custom-position\" ><div class=\"wplp-box-item\"><\/div><\/div><div id=\"wplp_box_right_2104_10201\" class=\"wpcu-front-box right wpcu-custom-position\" ><div class=\"wplp-box-item\"><\/div><\/div><div id=\"wplp_box_bottom_2104_10201\" class=\"wpcu-front-box bottom \" ><div class=\"wplp-box-item\"><span class=\"custom_fields\">\n<!-- WPLP Unknown field: Custom_Fields -->\n<\/span><\/div><\/div><\/div><\/div><div class=\"swiper-slide\" style=\"\"><div class=\"insideframe\"><div id=\"wplp_box_top_2104_10140\" class=\"wpcu-front-box top equalHeightImg\" ><div class=\"wplp-box-item\"><a href=\"https:\/\/procana.org\/site\/como-conseguir-la-sostenibilidad-en-cana-de-azucar\/\"  class=\"thumbnail\"><span class=\"img_cropper\" style=\"margin-top:8px;margin-right:15px;margin-bottom:16px;max-width:100%;\"><img decoding=\"async\" src=\"https:\/\/procana.org\/site\/wp-content\/uploads\/2025\/11\/PORTADA-VIDEO-RIEGO-POR-GOTEO-797x1024.jpg\" style=\"aspect-ratio:4\/3;\" srcset=\"\" alt=\"C\u00f3mo conseguir la sostenibilidad en ca\u00f1a de az\u00facar\" class=\"swiper-lazy wplp_thumb\" \/><div class=\"swiper-lazy-preloader\"><\/div><\/span><\/a><a href=\"https:\/\/procana.org\/site\/como-conseguir-la-sostenibilidad-en-cana-de-azucar\/\"  class=\"title\">C\u00f3mo conseguir la sostenibilidad en ca\u00f1a de az\u00facar<\/a><\/div><\/div><div id=\"wplp_box_left_2104_10140\" class=\"wpcu-front-box left wpcu-custom-position\" ><div class=\"wplp-box-item\"><\/div><\/div><div id=\"wplp_box_right_2104_10140\" class=\"wpcu-front-box right wpcu-custom-position\" ><div class=\"wplp-box-item\"><\/div><\/div><div id=\"wplp_box_bottom_2104_10140\" class=\"wpcu-front-box bottom \" ><div class=\"wplp-box-item\"><span class=\"custom_fields\">\n<!-- WPLP Unknown field: Custom_Fields -->\n<\/span><\/div><\/div><\/div><\/div><div class=\"swiper-slide\" style=\"\"><div class=\"insideframe\"><div id=\"wplp_box_top_2104_10135\" class=\"wpcu-front-box top equalHeightImg\" ><div class=\"wplp-box-item\"><a href=\"https:\/\/procana.org\/site\/compromiso-civico-por-la-democracia-la-seguridad-fisica-y-la-estabilidad-juridica\/\"  class=\"thumbnail\"><span class=\"img_cropper\" style=\"margin-top:8px;margin-right:15px;margin-bottom:16px;max-width:100%;\"><img decoding=\"async\" src=\"https:\/\/procana.org\/site\/wp-content\/uploads\/2025\/11\/AFS3915-1-1024x613.jpg\" style=\"aspect-ratio:4\/3;\" srcset=\"\" alt=\"COMPROMISO C\u00cdVICO: por la democracia, la seguridad f\u00edsica y la estabilidad jur\u00eddica\" class=\"swiper-lazy wplp_thumb\" \/><div class=\"swiper-lazy-preloader\"><\/div><\/span><\/a><a href=\"https:\/\/procana.org\/site\/compromiso-civico-por-la-democracia-la-seguridad-fisica-y-la-estabilidad-juridica\/\"  class=\"title\">COMPROMISO C\u00cdVICO: por la democracia, la seguridad f\u00edsica y la estabilidad jur\u00eddica<\/a><\/div><\/div><div id=\"wplp_box_left_2104_10135\" class=\"wpcu-front-box left wpcu-custom-position\" ><div class=\"wplp-box-item\"><\/div><\/div><div id=\"wplp_box_right_2104_10135\" class=\"wpcu-front-box right wpcu-custom-position\" ><div class=\"wplp-box-item\"><\/div><\/div><div id=\"wplp_box_bottom_2104_10135\" class=\"wpcu-front-box bottom \" ><div class=\"wplp-box-item\"><span class=\"custom_fields\">\n<!-- WPLP Unknown field: Custom_Fields -->\n<\/span><\/div><\/div><\/div><\/div><div class=\"swiper-slide\" style=\"\"><div class=\"insideframe\"><div id=\"wplp_box_top_2104_9817\" class=\"wpcu-front-box top equalHeightImg\" ><div class=\"wplp-box-item\"><a href=\"https:\/\/procana.org\/site\/liderazgo-cultivadores-sostenibilidad-cana\/\"  class=\"thumbnail\"><span class=\"img_cropper\" style=\"margin-top:8px;margin-right:15px;margin-bottom:16px;max-width:100%;\"><img decoding=\"async\" src=\"https:\/\/procana.org\/site\/wp-content\/uploads\/2025\/09\/ExtensionSolution-380x1024.png\" style=\"aspect-ratio:4\/3;\" srcset=\"\" alt=\"El liderazgo de cultivadores ante el desaf\u00edo de la sostenibilidad.\" class=\"swiper-lazy wplp_thumb\" \/><div class=\"swiper-lazy-preloader\"><\/div><\/span><\/a><a href=\"https:\/\/procana.org\/site\/liderazgo-cultivadores-sostenibilidad-cana\/\"  class=\"title\">El liderazgo de cultivadores ante el desaf\u00edo de la sostenibilidad.<\/a><\/div><\/div><div id=\"wplp_box_left_2104_9817\" class=\"wpcu-front-box left wpcu-custom-position\" ><div class=\"wplp-box-item\"><\/div><\/div><div id=\"wplp_box_right_2104_9817\" class=\"wpcu-front-box right wpcu-custom-position\" ><div class=\"wplp-box-item\"><\/div><\/div><div id=\"wplp_box_bottom_2104_9817\" class=\"wpcu-front-box bottom \" ><div class=\"wplp-box-item\"><span class=\"custom_fields\">\n<!-- WPLP Unknown field: Custom_Fields -->\n<\/span><\/div><\/div><\/div><\/div><div class=\"swiper-slide\" style=\"\"><div class=\"insideframe\"><div id=\"wplp_box_top_2104_9733\" class=\"wpcu-front-box top equalHeightImg\" ><div class=\"wplp-box-item\"><a href=\"https:\/\/procana.org\/site\/nuevas-generaciones-procana-futuro\/\"  class=\"thumbnail\"><span class=\"img_cropper\" style=\"margin-top:8px;margin-right:15px;margin-bottom:16px;max-width:100%;\"><img decoding=\"async\" src=\"https:\/\/procana.org\/site\/wp-content\/uploads\/2025\/08\/Imagen-de-WhatsApp-2025-05-06-a-las-11.35.56_4c98a791-1-701x1024.jpg\" style=\"aspect-ratio:4\/3;\" srcset=\"\" alt=\"Nuevas generaciones que transforman el futuro de Proca\u00f1a\" class=\"swiper-lazy wplp_thumb\" \/><div class=\"swiper-lazy-preloader\"><\/div><\/span><\/a><a href=\"https:\/\/procana.org\/site\/nuevas-generaciones-procana-futuro\/\"  class=\"title\">Nuevas generaciones que transforman el futuro de Proca\u00f1a<\/a><\/div><\/div><div id=\"wplp_box_left_2104_9733\" class=\"wpcu-front-box left wpcu-custom-position\" ><div class=\"wplp-box-item\"><\/div><\/div><div id=\"wplp_box_right_2104_9733\" class=\"wpcu-front-box right wpcu-custom-position\" ><div class=\"wplp-box-item\"><\/div><\/div><div id=\"wplp_box_bottom_2104_9733\" class=\"wpcu-front-box bottom \" ><div class=\"wplp-box-item\"><span class=\"custom_fields\">\n<!-- WPLP Unknown field: Custom_Fields -->\n<\/span><\/div><\/div><\/div><\/div><div class=\"swiper-slide\" style=\"\"><div class=\"insideframe\"><div id=\"wplp_box_top_2104_9666\" class=\"wpcu-front-box top equalHeightImg\" ><div class=\"wplp-box-item\"><a href=\"https:\/\/procana.org\/site\/apostemosle-al-futuro-porque-el-futuro-es-nuestro\/\"  class=\"thumbnail\"><span class=\"img_cropper\" style=\"margin-top:8px;margin-right:15px;margin-bottom:16px;max-width:100%;\"><img decoding=\"async\" src=\"https:\/\/procana.org\/site\/wp-content\/uploads\/2024\/12\/DSC00973-1-1024x576.jpg\" style=\"aspect-ratio:4\/3;\" srcset=\"\" alt=\"Apost\u00e9mosle al futuro, porque el futuro es nuestro\" class=\"swiper-lazy wplp_thumb\" \/><div class=\"swiper-lazy-preloader\"><\/div><\/span><\/a><a href=\"https:\/\/procana.org\/site\/apostemosle-al-futuro-porque-el-futuro-es-nuestro\/\"  class=\"title\">Apost\u00e9mosle al futuro, porque el futuro es nuestro<\/a><\/div><\/div><div id=\"wplp_box_left_2104_9666\" class=\"wpcu-front-box left wpcu-custom-position\" ><div class=\"wplp-box-item\"><\/div><\/div><div id=\"wplp_box_right_2104_9666\" class=\"wpcu-front-box right wpcu-custom-position\" ><div class=\"wplp-box-item\"><\/div><\/div><div id=\"wplp_box_bottom_2104_9666\" class=\"wpcu-front-box bottom \" ><div class=\"wplp-box-item\"><span class=\"custom_fields\">\n<!-- WPLP Unknown field: Custom_Fields -->\n<\/span><\/div><\/div><\/div><\/div><div class=\"swiper-slide\" style=\"\"><div class=\"insideframe\"><div id=\"wplp_box_top_2104_9643\" class=\"wpcu-front-box top equalHeightImg\" ><div class=\"wplp-box-item\"><a href=\"https:\/\/procana.org\/site\/seguridad-fisica-juridica-agro-colombia\/\"  class=\"thumbnail\"><span class=\"img_cropper\" style=\"margin-top:8px;margin-right:15px;margin-bottom:16px;max-width:100%;\"><img decoding=\"async\" src=\"https:\/\/procana.org\/site\/wp-content\/uploads\/2025\/07\/AFS4751-1024x683.jpg\" style=\"aspect-ratio:4\/3;\" srcset=\"\" alt=\"Panel Seguridad F\u00edsica y Jur\u00eddica, condiciones para un verdadero desarrollo agropecuario\" class=\"swiper-lazy wplp_thumb\" \/><div class=\"swiper-lazy-preloader\"><\/div><\/span><\/a><a href=\"https:\/\/procana.org\/site\/seguridad-fisica-juridica-agro-colombia\/\"  class=\"title\">Panel Seguridad F\u00edsica y Jur\u00eddica, condiciones para un verdadero desarrollo agropecuario<\/a><\/div><\/div><div id=\"wplp_box_left_2104_9643\" class=\"wpcu-front-box left wpcu-custom-position\" ><div class=\"wplp-box-item\"><\/div><\/div><div id=\"wplp_box_right_2104_9643\" class=\"wpcu-front-box right wpcu-custom-position\" ><div class=\"wplp-box-item\"><\/div><\/div><div id=\"wplp_box_bottom_2104_9643\" class=\"wpcu-front-box bottom \" ><div class=\"wplp-box-item\"><span class=\"custom_fields\">\n<!-- WPLP Unknown field: Custom_Fields -->\n<\/span><\/div><\/div><\/div><\/div><div class=\"swiper-slide\" style=\"\"><div class=\"insideframe\"><div id=\"wplp_box_top_2104_9616\" class=\"wpcu-front-box top equalHeightImg\" ><div class=\"wplp-box-item\"><a href=\"https:\/\/procana.org\/site\/campo-clama-por-seguridad\/\"  class=\"thumbnail\"><span class=\"img_cropper\" style=\"margin-top:8px;margin-right:15px;margin-bottom:16px;max-width:100%;\"><img decoding=\"async\" src=\"https:\/\/procana.org\/site\/wp-content\/uploads\/2025\/07\/MARTHA-BETANCOURT-WEB-1024x804.jpg\" style=\"aspect-ratio:4\/3;\" srcset=\"\" alt=\"El campo clama por seguridad\" class=\"swiper-lazy wplp_thumb\" \/><div class=\"swiper-lazy-preloader\"><\/div><\/span><\/a><a href=\"https:\/\/procana.org\/site\/campo-clama-por-seguridad\/\"  class=\"title\">El campo clama por seguridad<\/a><\/div><\/div><div id=\"wplp_box_left_2104_9616\" class=\"wpcu-front-box left wpcu-custom-position\" ><div class=\"wplp-box-item\"><\/div><\/div><div id=\"wplp_box_right_2104_9616\" class=\"wpcu-front-box right wpcu-custom-position\" ><div class=\"wplp-box-item\"><\/div><\/div><div id=\"wplp_box_bottom_2104_9616\" class=\"wpcu-front-box bottom \" ><div class=\"wplp-box-item\"><span class=\"custom_fields\">\n<!-- WPLP Unknown field: Custom_Fields -->\n<\/span><\/div><\/div><\/div><\/div><div class=\"swiper-slide\" style=\"\"><div class=\"insideframe\"><div id=\"wplp_box_top_2104_9381\" class=\"wpcu-front-box top equalHeightImg\" ><div class=\"wplp-box-item\"><a href=\"https:\/\/procana.org\/site\/finca-churimal-pasion-sostenibilidad-y-un-legado-que-florece-en-el-campo\/\"  class=\"thumbnail\"><span class=\"img_cropper\" style=\"margin-top:8px;margin-right:15px;margin-bottom:16px;max-width:100%;\"><img decoding=\"async\" src=\"https:\/\/procana.org\/site\/wp-content\/uploads\/2025\/06\/IMG-20250206-WA0057-1024x768.jpg\" style=\"aspect-ratio:4\/3;\" srcset=\"\" alt=\"Finca Churimal, pasi\u00f3n, sostenibilidad y un legado que florece en el campo\" class=\"swiper-lazy wplp_thumb\" \/><div class=\"swiper-lazy-preloader\"><\/div><\/span><\/a><a href=\"https:\/\/procana.org\/site\/finca-churimal-pasion-sostenibilidad-y-un-legado-que-florece-en-el-campo\/\"  class=\"title\">Finca Churimal, pasi\u00f3n, sostenibilidad y un legado que florece en el campo<\/a><\/div><\/div><div id=\"wplp_box_left_2104_9381\" class=\"wpcu-front-box left wpcu-custom-position\" ><div class=\"wplp-box-item\"><\/div><\/div><div id=\"wplp_box_right_2104_9381\" class=\"wpcu-front-box right wpcu-custom-position\" ><div class=\"wplp-box-item\"><\/div><\/div><div id=\"wplp_box_bottom_2104_9381\" class=\"wpcu-front-box bottom \" ><div class=\"wplp-box-item\"><span class=\"custom_fields\">\n<!-- WPLP Unknown field: Custom_Fields -->\n<\/span><\/div><\/div><\/div><\/div><div class=\"swiper-slide\" style=\"\"><div class=\"insideframe\"><div id=\"wplp_box_top_2104_9329\" class=\"wpcu-front-box top equalHeightImg\" ><div class=\"wplp-box-item\"><a href=\"https:\/\/procana.org\/site\/agricultura-familiar-esperanza-y-transformacion\/\"  class=\"thumbnail\"><span class=\"img_cropper\" style=\"margin-top:8px;margin-right:15px;margin-bottom:16px;max-width:100%;\"><img decoding=\"async\" src=\"https:\/\/procana.org\/site\/wp-content\/uploads\/2025\/05\/ALDEAS-10-1024x1024.jpg\" style=\"aspect-ratio:4\/3;\" srcset=\"\" alt=\"Del Campo a la Esperanza: la agricultura familiar como motor de oportunidades\" class=\"swiper-lazy wplp_thumb\" \/><div class=\"swiper-lazy-preloader\"><\/div><\/span><\/a><a href=\"https:\/\/procana.org\/site\/agricultura-familiar-esperanza-y-transformacion\/\"  class=\"title\">Del Campo a la Esperanza: la agricultura familiar como motor de oportunidades<\/a><\/div><\/div><div id=\"wplp_box_left_2104_9329\" class=\"wpcu-front-box left wpcu-custom-position\" ><div class=\"wplp-box-item\"><\/div><\/div><div id=\"wplp_box_right_2104_9329\" class=\"wpcu-front-box right wpcu-custom-position\" ><div class=\"wplp-box-item\"><\/div><\/div><div id=\"wplp_box_bottom_2104_9329\" class=\"wpcu-front-box bottom \" ><div class=\"wplp-box-item\"><span class=\"custom_fields\">\n<!-- WPLP Unknown field: Custom_Fields -->\n<\/span><\/div><\/div><\/div><\/div><div class=\"swiper-slide\" style=\"\"><div class=\"insideframe\"><div id=\"wplp_box_top_2104_9279\" class=\"wpcu-front-box top equalHeightImg\" ><div class=\"wplp-box-item\"><a href=\"https:\/\/procana.org\/site\/compromiso-territorio-suroccidente-colombiano\/\"  class=\"thumbnail\"><span class=\"img_cropper\" style=\"margin-top:8px;margin-right:15px;margin-bottom:16px;max-width:100%;\"><img decoding=\"async\" src=\"https:\/\/procana.org\/site\/wp-content\/uploads\/2025\/05\/Mercadeo-Campesino.jpg\" style=\"aspect-ratio:4\/3;\" srcset=\"\" alt=\"Avanza la transformaci\u00f3n sustentable en el suroccidente colombiano\" class=\"swiper-lazy wplp_thumb\" \/><div class=\"swiper-lazy-preloader\"><\/div><\/span><\/a><a href=\"https:\/\/procana.org\/site\/compromiso-territorio-suroccidente-colombiano\/\"  class=\"title\">Avanza la transformaci\u00f3n sustentable en el suroccidente colombiano<\/a><\/div><\/div><div id=\"wplp_box_left_2104_9279\" class=\"wpcu-front-box left wpcu-custom-position\" ><div class=\"wplp-box-item\"><\/div><\/div><div id=\"wplp_box_right_2104_9279\" class=\"wpcu-front-box right wpcu-custom-position\" ><div class=\"wplp-box-item\"><\/div><\/div><div id=\"wplp_box_bottom_2104_9279\" class=\"wpcu-front-box bottom \" ><div class=\"wplp-box-item\"><span class=\"custom_fields\">\n<!-- WPLP Unknown field: Custom_Fields -->\n<\/span><\/div><\/div><\/div><\/div><div class=\"swiper-slide\" style=\"\"><div class=\"insideframe\"><div id=\"wplp_box_top_2104_9231\" class=\"wpcu-front-box top equalHeightImg\" ><div class=\"wplp-box-item\"><a href=\"https:\/\/procana.org\/site\/desafios-del-sector-canicultor-en-2025\/\"  class=\"thumbnail\"><span class=\"img_cropper\" style=\"margin-top:8px;margin-right:15px;margin-bottom:16px;max-width:100%;\"><img decoding=\"async\" src=\"https:\/\/procana.org\/site\/wp-content\/uploads\/2024\/09\/AFS7667-1024x683.jpg\" style=\"aspect-ratio:4\/3;\" srcset=\"\" alt=\"Desaf\u00edos del sector ca\u00f1icultor en 2025: un camino hacia la adaptaci\u00f3n y la resiliencia\" class=\"swiper-lazy wplp_thumb\" \/><div class=\"swiper-lazy-preloader\"><\/div><\/span><\/a><a href=\"https:\/\/procana.org\/site\/desafios-del-sector-canicultor-en-2025\/\"  class=\"title\">Desaf\u00edos del sector ca\u00f1icultor en 2025: un camino hacia la adaptaci\u00f3n y la resiliencia<\/a><\/div><\/div><div id=\"wplp_box_left_2104_9231\" class=\"wpcu-front-box left wpcu-custom-position\" ><div class=\"wplp-box-item\"><\/div><\/div><div id=\"wplp_box_right_2104_9231\" class=\"wpcu-front-box right wpcu-custom-position\" ><div class=\"wplp-box-item\"><\/div><\/div><div id=\"wplp_box_bottom_2104_9231\" class=\"wpcu-front-box bottom \" ><div class=\"wplp-box-item\"><span class=\"custom_fields\">\n<!-- WPLP Unknown field: Custom_Fields -->\n<\/span><\/div><\/div><\/div><\/div><div class=\"swiper-slide\" style=\"\"><div class=\"insideframe\"><div id=\"wplp_box_top_2104_9158\" class=\"wpcu-front-box top equalHeightImg\" ><div class=\"wplp-box-item\"><a href=\"https:\/\/procana.org\/site\/procana-desarrollo-social-cultivadores-cana\/\"  class=\"thumbnail\"><span class=\"img_cropper\" style=\"margin-top:8px;margin-right:15px;margin-bottom:16px;max-width:100%;\"><img decoding=\"async\" src=\"https:\/\/procana.org\/site\/wp-content\/uploads\/2024\/12\/IMG_0532-1-1024x768.jpg\" style=\"aspect-ratio:4\/3;\" srcset=\"\" alt=\"Proca\u00f1a y los cultivadores de ca\u00f1a, comprometidos con el desarrollo social\" class=\"swiper-lazy wplp_thumb\" \/><div class=\"swiper-lazy-preloader\"><\/div><\/span><\/a><a href=\"https:\/\/procana.org\/site\/procana-desarrollo-social-cultivadores-cana\/\"  class=\"title\">Proca\u00f1a y los cultivadores de ca\u00f1a, comprometidos con el desarrollo social<\/a><\/div><\/div><div id=\"wplp_box_left_2104_9158\" class=\"wpcu-front-box left wpcu-custom-position\" ><div class=\"wplp-box-item\"><\/div><\/div><div id=\"wplp_box_right_2104_9158\" class=\"wpcu-front-box right wpcu-custom-position\" ><div class=\"wplp-box-item\"><\/div><\/div><div id=\"wplp_box_bottom_2104_9158\" class=\"wpcu-front-box bottom \" ><div class=\"wplp-box-item\"><span class=\"custom_fields\">\n<!-- WPLP Unknown field: Custom_Fields -->\n<\/span><\/div><\/div><\/div><\/div><div class=\"swiper-slide\" style=\"\"><div class=\"insideframe\"><div id=\"wplp_box_top_2104_8976\" class=\"wpcu-front-box top equalHeightImg\" ><div class=\"wplp-box-item\"><a href=\"https:\/\/procana.org\/site\/aldeas-la-alianza-que-conecta-humanidad-para-el-desarrollo-de-los-territorios\/\"  class=\"thumbnail\"><span class=\"img_cropper\" style=\"margin-top:8px;margin-right:15px;margin-bottom:16px;max-width:100%;\"><img decoding=\"async\" src=\"https:\/\/procana.org\/site\/wp-content\/uploads\/2025\/02\/20241009_192720938_iOS-1-1024x768.jpg\" style=\"aspect-ratio:4\/3;\" srcset=\"\" alt=\"ALDEAS, la alianza que conecta humanidad para el desarrollo de los territorios\" class=\"swiper-lazy wplp_thumb\" \/><div class=\"swiper-lazy-preloader\"><\/div><\/span><\/a><a href=\"https:\/\/procana.org\/site\/aldeas-la-alianza-que-conecta-humanidad-para-el-desarrollo-de-los-territorios\/\"  class=\"title\">ALDEAS, la alianza que conecta humanidad para el desarrollo de los territorios<\/a><\/div><\/div><div id=\"wplp_box_left_2104_8976\" class=\"wpcu-front-box left wpcu-custom-position\" ><div class=\"wplp-box-item\"><\/div><\/div><div id=\"wplp_box_right_2104_8976\" class=\"wpcu-front-box right wpcu-custom-position\" ><div class=\"wplp-box-item\"><\/div><\/div><div id=\"wplp_box_bottom_2104_8976\" class=\"wpcu-front-box bottom \" ><div class=\"wplp-box-item\"><span class=\"custom_fields\">\n<!-- WPLP Unknown field: Custom_Fields -->\n<\/span><\/div><\/div><\/div><\/div><div class=\"swiper-slide\" style=\"\"><div class=\"insideframe\"><div id=\"wplp_box_top_2104_8955\" class=\"wpcu-front-box top equalHeightImg\" ><div class=\"wplp-box-item\"><a href=\"https:\/\/procana.org\/site\/represento-a-colombia-en-los-pasados-juegos-paralimpicos-de-paris-2024\/\"  class=\"thumbnail\"><span class=\"img_cropper\" style=\"margin-top:8px;margin-right:15px;margin-bottom:16px;max-width:100%;\"><img decoding=\"async\" src=\"https:\/\/procana.org\/site\/wp-content\/uploads\/2025\/02\/Paralimpico-Jhon-Sebastian-Obando_2-edited-768x1024.jpg\" style=\"aspect-ratio:4\/3;\" srcset=\"\" alt=\"Jhon Sebasti\u00e1n, el oro que llena de orgullo nuestro coraz\u00f3n de Ca\u00f1a\" class=\"swiper-lazy wplp_thumb\" \/><div class=\"swiper-lazy-preloader\"><\/div><\/span><\/a><a href=\"https:\/\/procana.org\/site\/represento-a-colombia-en-los-pasados-juegos-paralimpicos-de-paris-2024\/\"  class=\"title\">Jhon Sebasti\u00e1n, el oro que llena de orgullo nuestro coraz\u00f3n de Ca\u00f1a<\/a><\/div><\/div><div id=\"wplp_box_left_2104_8955\" class=\"wpcu-front-box left wpcu-custom-position\" ><div class=\"wplp-box-item\"><\/div><\/div><div id=\"wplp_box_right_2104_8955\" class=\"wpcu-front-box right wpcu-custom-position\" ><div class=\"wplp-box-item\"><\/div><\/div><div id=\"wplp_box_bottom_2104_8955\" class=\"wpcu-front-box bottom \" ><div class=\"wplp-box-item\"><span class=\"custom_fields\">\n<!-- WPLP Unknown field: Custom_Fields -->\n<\/span><\/div><\/div><\/div><\/div><div class=\"swiper-slide\" style=\"\"><div class=\"insideframe\"><div id=\"wplp_box_top_2104_8923\" class=\"wpcu-front-box top equalHeightImg\" ><div class=\"wplp-box-item\"><a href=\"https:\/\/procana.org\/site\/un-camino-hacia-la-cana-organica\/\"  class=\"thumbnail\"><span class=\"img_cropper\" style=\"margin-top:8px;margin-right:15px;margin-bottom:16px;max-width:100%;\"><img decoding=\"async\" src=\"https:\/\/procana.org\/site\/wp-content\/uploads\/2025\/02\/20201116_132310_666F6D93-32FD-4CDB-B6F4-E58CC77B67B2-2-885x1024.jpg\" style=\"aspect-ratio:4\/3;\" srcset=\"\" alt=\"Una transformaci\u00f3n que suma a la sostenibilidad\" class=\"swiper-lazy wplp_thumb\" \/><div class=\"swiper-lazy-preloader\"><\/div><\/span><\/a><a href=\"https:\/\/procana.org\/site\/un-camino-hacia-la-cana-organica\/\"  class=\"title\">Una transformaci\u00f3n que suma a la sostenibilidad<\/a><\/div><\/div><div id=\"wplp_box_left_2104_8923\" class=\"wpcu-front-box left wpcu-custom-position\" ><div class=\"wplp-box-item\"><\/div><\/div><div id=\"wplp_box_right_2104_8923\" class=\"wpcu-front-box right wpcu-custom-position\" ><div class=\"wplp-box-item\"><\/div><\/div><div id=\"wplp_box_bottom_2104_8923\" class=\"wpcu-front-box bottom \" ><div class=\"wplp-box-item\"><span class=\"custom_fields\">\n<!-- WPLP Unknown field: Custom_Fields -->\n<\/span><\/div><\/div><\/div><\/div><div class=\"swiper-slide\" style=\"\"><div class=\"insideframe\"><div id=\"wplp_box_top_2104_8708\" class=\"wpcu-front-box top equalHeightImg\" ><div class=\"wplp-box-item\"><a href=\"https:\/\/procana.org\/site\/el-valor-de-conectar-con-las-comunidades\/\"  class=\"thumbnail\"><span class=\"img_cropper\" style=\"margin-top:8px;margin-right:15px;margin-bottom:16px;max-width:100%;\"><img decoding=\"async\" src=\"https:\/\/procana.org\/site\/wp-content\/uploads\/2024\/12\/20240925_160104476_iOS-1-1024x768.jpg\" style=\"aspect-ratio:4\/3;\" srcset=\"\" alt=\"El valor de conectar con las comunidades\" class=\"swiper-lazy wplp_thumb\" \/><div class=\"swiper-lazy-preloader\"><\/div><\/span><\/a><a href=\"https:\/\/procana.org\/site\/el-valor-de-conectar-con-las-comunidades\/\"  class=\"title\">El valor de conectar con las comunidades<\/a><\/div><\/div><div id=\"wplp_box_left_2104_8708\" class=\"wpcu-front-box left wpcu-custom-position\" ><div class=\"wplp-box-item\"><\/div><\/div><div id=\"wplp_box_right_2104_8708\" class=\"wpcu-front-box right wpcu-custom-position\" ><div class=\"wplp-box-item\"><\/div><\/div><div id=\"wplp_box_bottom_2104_8708\" class=\"wpcu-front-box bottom \" ><div class=\"wplp-box-item\"><span class=\"custom_fields\">\n<!-- WPLP Unknown field: Custom_Fields -->\n<\/span><\/div><\/div><\/div><\/div><div class=\"swiper-slide\" style=\"\"><div class=\"insideframe\"><div id=\"wplp_box_top_2104_8785\" class=\"wpcu-front-box top equalHeightImg\" ><div class=\"wplp-box-item\"><a href=\"https:\/\/procana.org\/site\/obras-de-corazon\/\"  class=\"thumbnail\"><span class=\"img_cropper\" style=\"margin-top:8px;margin-right:15px;margin-bottom:16px;max-width:100%;\"><img decoding=\"async\" src=\"https:\/\/procana.org\/site\/wp-content\/uploads\/2024\/12\/LOGO_FUNDACION_CDC-1024x574.png\" style=\"aspect-ratio:4\/3;\" srcset=\"\" alt=\"Obras de Coraz\u00f3n\" class=\"swiper-lazy wplp_thumb\" \/><div class=\"swiper-lazy-preloader\"><\/div><\/span><\/a><a href=\"https:\/\/procana.org\/site\/obras-de-corazon\/\"  class=\"title\">Obras de Coraz\u00f3n<\/a><\/div><\/div><div id=\"wplp_box_left_2104_8785\" class=\"wpcu-front-box left wpcu-custom-position\" ><div class=\"wplp-box-item\"><\/div><\/div><div id=\"wplp_box_right_2104_8785\" class=\"wpcu-front-box right wpcu-custom-position\" ><div class=\"wplp-box-item\"><\/div><\/div><div id=\"wplp_box_bottom_2104_8785\" class=\"wpcu-front-box bottom \" ><div class=\"wplp-box-item\"><span class=\"custom_fields\">\n<!-- WPLP Unknown field: Custom_Fields -->\n<\/span><\/div><\/div><\/div><\/div><div class=\"swiper-slide\" style=\"\"><div class=\"insideframe\"><div id=\"wplp_box_top_2104_8737\" class=\"wpcu-front-box top equalHeightImg\" ><div class=\"wplp-box-item\"><a href=\"https:\/\/procana.org\/site\/procana-en-la-cop16-un-orgullo-para-colombia-cali-y-el-valle-del-cauca\/\"  class=\"thumbnail\"><span class=\"img_cropper\" style=\"margin-top:8px;margin-right:15px;margin-bottom:16px;max-width:100%;\"><img decoding=\"async\" src=\"https:\/\/procana.org\/site\/wp-content\/uploads\/2024\/12\/TNC-Hatico-1024x577.jpg\" style=\"aspect-ratio:4\/3;\" srcset=\"\" alt=\"PROCA\u00d1A EN LA COP16: UN ORGULLO PARA COLOMBIA, CALI Y EL VALLE DEL CAUCA\" class=\"swiper-lazy wplp_thumb\" \/><div class=\"swiper-lazy-preloader\"><\/div><\/span><\/a><a href=\"https:\/\/procana.org\/site\/procana-en-la-cop16-un-orgullo-para-colombia-cali-y-el-valle-del-cauca\/\"  class=\"title\">PROCA\u00d1A EN LA COP16: UN ORGULLO PARA COLOMBIA, CALI Y EL VALLE DEL CAUCA<\/a><\/div><\/div><div id=\"wplp_box_left_2104_8737\" class=\"wpcu-front-box left wpcu-custom-position\" ><div class=\"wplp-box-item\"><\/div><\/div><div id=\"wplp_box_right_2104_8737\" class=\"wpcu-front-box right wpcu-custom-position\" ><div class=\"wplp-box-item\"><\/div><\/div><div id=\"wplp_box_bottom_2104_8737\" class=\"wpcu-front-box bottom \" ><div class=\"wplp-box-item\"><span class=\"custom_fields\">\n<!-- WPLP Unknown field: Custom_Fields -->\n<\/span><\/div><\/div><\/div><\/div><div class=\"swiper-slide\" style=\"\"><div class=\"insideframe\"><div id=\"wplp_box_top_2104_8664\" class=\"wpcu-front-box top equalHeightImg\" ><div class=\"wplp-box-item\"><a href=\"https:\/\/procana.org\/site\/defensa-juridica-es-uno-de-los-ejes-centrales-en-la-representacion-gremial\/\"  class=\"thumbnail\"><span class=\"img_cropper\" style=\"margin-top:8px;margin-right:15px;margin-bottom:16px;max-width:100%;\"><img decoding=\"async\" src=\"https:\/\/procana.org\/site\/wp-content\/uploads\/2024\/12\/DSC08971-1024x683.jpg\" style=\"aspect-ratio:4\/3;\" srcset=\"\" alt=\"Gesti\u00f3n de Pol\u00edticas P\u00fablicas\" class=\"swiper-lazy wplp_thumb\" \/><div class=\"swiper-lazy-preloader\"><\/div><\/span><\/a><a href=\"https:\/\/procana.org\/site\/defensa-juridica-es-uno-de-los-ejes-centrales-en-la-representacion-gremial\/\"  class=\"title\">Gesti\u00f3n de Pol\u00edticas P\u00fablicas<\/a><\/div><\/div><div id=\"wplp_box_left_2104_8664\" class=\"wpcu-front-box left wpcu-custom-position\" ><div class=\"wplp-box-item\"><\/div><\/div><div id=\"wplp_box_right_2104_8664\" class=\"wpcu-front-box right wpcu-custom-position\" ><div class=\"wplp-box-item\"><\/div><\/div><div id=\"wplp_box_bottom_2104_8664\" class=\"wpcu-front-box bottom \" ><div class=\"wplp-box-item\"><span class=\"custom_fields\">\n<!-- WPLP Unknown field: Custom_Fields -->\n<\/span><\/div><\/div><\/div><\/div><div class=\"swiper-slide\" style=\"\"><div class=\"insideframe\"><div id=\"wplp_box_top_2104_8543\" class=\"wpcu-front-box top equalHeightImg\" ><div class=\"wplp-box-item\"><a href=\"https:\/\/procana.org\/site\/sera-rentable-cortar-a-los-12-meses\/\"  class=\"thumbnail\"><span class=\"img_cropper\" style=\"margin-top:8px;margin-right:15px;margin-bottom:16px;max-width:100%;\"><img decoding=\"async\" src=\"https:\/\/procana.org\/site\/wp-content\/uploads\/2024\/12\/tabla-proc.png\" style=\"aspect-ratio:4\/3;\" srcset=\"\" alt=\"\u00bfSer\u00e1 rentable cortar a los 12 meses?\" class=\"swiper-lazy wplp_thumb\" \/><div class=\"swiper-lazy-preloader\"><\/div><\/span><\/a><a href=\"https:\/\/procana.org\/site\/sera-rentable-cortar-a-los-12-meses\/\"  class=\"title\">\u00bfSer\u00e1 rentable cortar a los 12 meses?<\/a><\/div><\/div><div id=\"wplp_box_left_2104_8543\" class=\"wpcu-front-box left wpcu-custom-position\" ><div class=\"wplp-box-item\"><\/div><\/div><div id=\"wplp_box_right_2104_8543\" class=\"wpcu-front-box right wpcu-custom-position\" ><div class=\"wplp-box-item\"><\/div><\/div><div id=\"wplp_box_bottom_2104_8543\" class=\"wpcu-front-box bottom \" ><div class=\"wplp-box-item\"><span class=\"custom_fields\">\n<!-- WPLP Unknown field: Custom_Fields -->\n<\/span><\/div><\/div><\/div><\/div><div class=\"swiper-slide\" style=\"\"><div class=\"insideframe\"><div id=\"wplp_box_top_2104_8515\" class=\"wpcu-front-box top equalHeightImg\" ><div class=\"wplp-box-item\"><a href=\"https:\/\/procana.org\/site\/corazon-de-cana-la-marca-que-lleva-el-orgullo-por-la-agroindustria-a-los-colombianos\/\"  class=\"thumbnail\"><span class=\"img_cropper\" style=\"margin-top:8px;margin-right:15px;margin-bottom:16px;max-width:100%;\"><img decoding=\"async\" src=\"https:\/\/procana.org\/site\/wp-content\/uploads\/2024\/11\/PHOTO-2024-07-26-09-18-07-1-1-1024x576.jpg\" style=\"aspect-ratio:4\/3;\" srcset=\"\" alt=\"Coraz\u00f3n de Ca\u00f1a, la marca que lleva el orgullo por la agroindustria a los colombianos\" class=\"swiper-lazy wplp_thumb\" \/><div class=\"swiper-lazy-preloader\"><\/div><\/span><\/a><a href=\"https:\/\/procana.org\/site\/corazon-de-cana-la-marca-que-lleva-el-orgullo-por-la-agroindustria-a-los-colombianos\/\"  class=\"title\">Coraz\u00f3n de Ca\u00f1a, la marca que lleva el orgullo por la agroindustria a los colombianos<\/a><\/div><\/div><div id=\"wplp_box_left_2104_8515\" class=\"wpcu-front-box left wpcu-custom-position\" ><div class=\"wplp-box-item\"><\/div><\/div><div id=\"wplp_box_right_2104_8515\" class=\"wpcu-front-box right wpcu-custom-position\" ><div class=\"wplp-box-item\"><\/div><\/div><div id=\"wplp_box_bottom_2104_8515\" class=\"wpcu-front-box bottom \" ><div class=\"wplp-box-item\"><span class=\"custom_fields\">\n<!-- WPLP Unknown field: Custom_Fields -->\n<\/span><\/div><\/div><\/div><\/div><div class=\"swiper-slide\" style=\"\"><div class=\"insideframe\"><div id=\"wplp_box_top_2104_8496\" class=\"wpcu-front-box top equalHeightImg\" ><div class=\"wplp-box-item\"><a href=\"https:\/\/procana.org\/site\/etanol-doble-impacto-positivo\/\"  class=\"thumbnail\"><span class=\"img_cropper\" style=\"margin-top:8px;margin-right:15px;margin-bottom:16px;max-width:100%;\"><img decoding=\"async\" src=\"https:\/\/procana.org\/site\/wp-content\/uploads\/2024\/11\/PORTADA-VIDEO-BONDADES-DEL-BIOETANOL-730x1024.jpg\" style=\"aspect-ratio:4\/3;\" srcset=\"\" alt=\"Etanol, doble impacto positivo\" class=\"swiper-lazy wplp_thumb\" \/><div class=\"swiper-lazy-preloader\"><\/div><\/span><\/a><a href=\"https:\/\/procana.org\/site\/etanol-doble-impacto-positivo\/\"  class=\"title\">Etanol, doble impacto positivo<\/a><\/div><\/div><div id=\"wplp_box_left_2104_8496\" class=\"wpcu-front-box left wpcu-custom-position\" ><div class=\"wplp-box-item\"><\/div><\/div><div id=\"wplp_box_right_2104_8496\" class=\"wpcu-front-box right wpcu-custom-position\" ><div class=\"wplp-box-item\"><\/div><\/div><div id=\"wplp_box_bottom_2104_8496\" class=\"wpcu-front-box bottom \" ><div class=\"wplp-box-item\"><span class=\"custom_fields\">\n<!-- WPLP Unknown field: Custom_Fields -->\n<\/span><\/div><\/div><\/div><\/div><\/div><div class=\"swiper-button-next\"><\/div><div class=\"swiper-button-prev\"><\/div><div class=\"swiper-pagination\"><\/div><\/div><\/div>[\/et_pb_code][\/et_pb_column][\/et_pb_row][\/et_pb_section]<\/p>\n","protected":false},"excerpt":{"rendered":"<p>[et_pb_section fb_built=&#8221;1&#8243; custom_padding_last_edited=&#8221;on|phone&#8221; disabled_on=&#8221;on|on|off&#8221; admin_label=&#8221;Section&#8221; _builder_version=&#8221;4.8.1&#8243; _module_preset=&#8221;default&#8221; background_color=&#8221;rgba(10,10,10,0.03)&#8221; background_image=&#8221;https:\/\/procana.org\/site\/wp-content\/uploads\/2021\/03\/banner-afiliados-01.png&#8221; background_size=&#8221;contain&#8221; custom_margin=&#8221;30px||||false|false&#8221; custom_margin_tablet=&#8221;&#8221; custom_margin_phone=&#8221;&#8221; custom_margin_last_edited=&#8221;on|phone&#8221; custom_padding=&#8221;360px||0px|0px|false|false&#8221; custom_padding_tablet=&#8221;&#8221; custom_padding_phone=&#8221;|||60px|false|false&#8221; custom_css_main_element=&#8221;top:0px;||width:100%;&#8221; locked=&#8221;off&#8221;][\/et_pb_section][et_pb_section fb_built=&#8221;1&#8243; custom_padding_last_edited=&#8221;on|phone&#8221; disabled_on=&#8221;off|off|on&#8221; admin_label=&#8221;Section&#8221; _builder_version=&#8221;4.8.1&#8243; _module_preset=&#8221;default&#8221; background_color=&#8221;rgba(10,10,10,0.03)&#8221; background_image=&#8221;https:\/\/procana.org\/site\/wp-content\/uploads\/2021\/03\/banner-afiliados-01.png&#8221; background_size=&#8221;contain&#8221; background_position=&#8221;center_right&#8221; custom_margin=&#8221;0px||-15px||false|false&#8221; custom_margin_tablet=&#8221;&#8221; custom_margin_phone=&#8221;&#8221; custom_margin_last_edited=&#8221;on|phone&#8221; custom_padding=&#8221;200px||0px|0px|false|false&#8221; custom_padding_tablet=&#8221;&#8221; custom_padding_phone=&#8221;|||60px|false|false&#8221; custom_css_main_element=&#8221;top:0px;||width:100%;&#8221; locked=&#8221;off&#8221;][\/et_pb_section][et_pb_section fb_built=&#8221;1&#8243; _builder_version=&#8221;4.8.1&#8243; _module_preset=&#8221;default&#8221; custom_padding=&#8221;19px|||||&#8221;][et_pb_row _builder_version=&#8221;4.8.1&#8243; _module_preset=&#8221;default&#8221; background_enable_image=&#8221;off&#8221; background_position=&#8221;top_center&#8221; width=&#8221;90%&#8221; max_width=&#8221;100%&#8221; custom_margin=&#8221;0px|auto||auto|false|false&#8221; locked=&#8221;off&#8221;][et_pb_column type=&#8221;4_4&#8243; _builder_version=&#8221;4.8.1&#8243; _module_preset=&#8221;default&#8221;][et_pb_text disabled_on=&#8221;off|off|off&#8221; _builder_version=&#8221;4.8.1&#8243; [&hellip;]<\/p>\n","protected":false},"author":1,"featured_media":0,"parent":0,"menu_order":0,"comment_status":"closed","ping_status":"closed","template":"","meta":{"_et_pb_use_builder":"on","_et_pb_old_content":"","_et_gb_content_width":"","footnotes":""},"class_list":["post-2105","page","type-page","status-publish","hentry"],"_links":{"self":[{"href":"https:\/\/procana.org\/site\/wp-json\/wp\/v2\/pages\/2105","targetHints":{"allow":["GET"]}}],"collection":[{"href":"https:\/\/procana.org\/site\/wp-json\/wp\/v2\/pages"}],"about":[{"href":"https:\/\/procana.org\/site\/wp-json\/wp\/v2\/types\/page"}],"author":[{"embeddable":true,"href":"https:\/\/procana.org\/site\/wp-json\/wp\/v2\/users\/1"}],"replies":[{"embeddable":true,"href":"https:\/\/procana.org\/site\/wp-json\/wp\/v2\/comments?post=2105"}],"version-history":[{"count":3,"href":"https:\/\/procana.org\/site\/wp-json\/wp\/v2\/pages\/2105\/revisions"}],"predecessor-version":[{"id":2244,"href":"https:\/\/procana.org\/site\/wp-json\/wp\/v2\/pages\/2105\/revisions\/2244"}],"wp:attachment":[{"href":"https:\/\/procana.org\/site\/wp-json\/wp\/v2\/media?parent=2105"}],"curies":[{"name":"wp","href":"https:\/\/api.w.org\/{rel}","templated":true}]}}