{"id":1787,"date":"2021-03-14T14:15:51","date_gmt":"2021-03-14T19:15:51","guid":{"rendered":"https:\/\/procana.org\/site\/?page_id=1787"},"modified":"2026-02-18T08:35:32","modified_gmt":"2026-02-18T13:35:32","slug":"sala-prensa","status":"publish","type":"page","link":"https:\/\/procana.org\/site\/sala-prensa\/","title":{"rendered":"Sala de Prensa"},"content":{"rendered":"<p>[et_pb_section fb_built=&#8221;1&#8243; custom_padding_last_edited=&#8221;on|phone&#8221; disabled_on=&#8221;on|on|off&#8221; admin_label=&#8221;Section&#8221; _builder_version=&#8221;4.16&#8243; _module_preset=&#8221;default&#8221; background_color=&#8221;rgba(10,10,10,0.03)&#8221; background_image=&#8221;https:\/\/procana.org\/site\/wp-content\/uploads\/2021\/03\/banner-codigo-buen-gobierno-01.png&#8221; background_size=&#8221;contain&#8221; custom_margin=&#8221;30px||||false|false&#8221; custom_margin_tablet=&#8221;&#8221; custom_margin_phone=&#8221;&#8221; custom_margin_last_edited=&#8221;on|phone&#8221; custom_padding=&#8221;360px||0px|0px|false|false&#8221; custom_padding_tablet=&#8221;&#8221; custom_padding_phone=&#8221;|||60px|false|false&#8221; custom_css_main_element=&#8221;top:0px;||width:100%;&#8221; locked=&#8221;off&#8221; global_colors_info=&#8221;{}&#8221;][\/et_pb_section][et_pb_section fb_built=&#8221;1&#8243; custom_padding_last_edited=&#8221;on|phone&#8221; disabled_on=&#8221;off|off|on&#8221; admin_label=&#8221;Section&#8221; _builder_version=&#8221;4.16&#8243; _module_preset=&#8221;default&#8221; background_color=&#8221;rgba(10,10,10,0.03)&#8221; background_image=&#8221;https:\/\/procana.org\/site\/wp-content\/uploads\/2021\/03\/banner-codigo-buen-gobierno-01.png&#8221; background_size=&#8221;contain&#8221; background_position=&#8221;center_right&#8221; custom_margin=&#8221;0px||-15px||false|false&#8221; custom_margin_tablet=&#8221;&#8221; custom_margin_phone=&#8221;&#8221; custom_margin_last_edited=&#8221;on|phone&#8221; custom_padding=&#8221;200px||0px|0px|false|false&#8221; custom_padding_tablet=&#8221;&#8221; custom_padding_phone=&#8221;|||60px|false|false&#8221; custom_css_main_element=&#8221;top:0px;||width:100%;&#8221; locked=&#8221;off&#8221; global_colors_info=&#8221;{}&#8221;][\/et_pb_section][et_pb_section fb_built=&#8221;1&#8243; _builder_version=&#8221;4.16&#8243; _module_preset=&#8221;default&#8221; custom_padding=&#8221;19px|||||&#8221; global_colors_info=&#8221;{}&#8221;][et_pb_row _builder_version=&#8221;4.27.0&#8243; _module_preset=&#8221;default&#8221; background_enable_image=&#8221;off&#8221; background_position=&#8221;top_center&#8221; width=&#8221;90%&#8221; max_width=&#8221;100%&#8221; custom_margin=&#8221;0px|auto||auto|false|false&#8221; hover_enabled=&#8221;0&#8243; global_colors_info=&#8221;{}&#8221; sticky_enabled=&#8221;0&#8243;][et_pb_column type=&#8221;4_4&#8243; _builder_version=&#8221;4.16&#8243; _module_preset=&#8221;default&#8221; global_colors_info=&#8221;{}&#8221;][et_pb_text disabled_on=&#8221;on|on|off&#8221; _builder_version=&#8221;4.16&#8243; _module_preset=&#8221;default&#8221; text_font=&#8221;Oswald||||||||&#8221; min_height=&#8221;42px&#8221; custom_margin=&#8221;-3px||-2px||false|false&#8221; custom_padding=&#8221;|||0px|false|false&#8221; global_colors_info=&#8221;{}&#8221;]<\/p>\n<h1 style=\"color: #173b72;\">Sala de Prensa<\/h1>\n<p>[\/et_pb_text][et_pb_text disabled_on=&#8221;off|off|on&#8221; _builder_version=&#8221;4.16&#8243; _module_preset=&#8221;default&#8221; text_font=&#8221;Oswald||||||||&#8221; custom_margin=&#8221;||-2px||false|false&#8221; custom_padding=&#8221;|||0px|false|false&#8221; global_colors_info=&#8221;{}&#8221;]<\/p>\n<h1 style=\"color: #173b72;\">Sala de Prensa<\/h1>\n<p>[\/et_pb_text][et_pb_text _builder_version=&#8221;4.16&#8243; _module_preset=&#8221;default&#8221; text_font=&#8221;Montserrat||||||||&#8221; custom_padding=&#8221;0px|0px|0px|0px|true|false&#8221; global_colors_info=&#8221;{}&#8221;]<\/p>\n<p align=\"left\" style=\"text-align: left;\">A continuaci\u00f3n se listan todas las publicaciones de sala de prensa, disponibles en nuestro sitio Web.<\/p>\n<p align=\"left\" style=\"text-align: left;\"><a href=\"https:\/\/procana.org\/site\/procana-hace-llamado-por-la-proteccion-del-empleo-y-la-estabilidad-de-las-comunidades-rurales\/\" target=\"_blank\" rel=\"noopener noreferrer\"><strong><span><img loading=\"lazy\" decoding=\"async\" src=\"https:\/\/procana.org\/site\/wp-content\/uploads\/2021\/03\/IconoPDFDescarga-1.png\" width=\"28\" height=\"36\" alt=\"\" class=\"wp-image-1621 alignnone size-full\" \/> BOLET\u00cdN DE PRENSA PROCA\u00d1A 23 &#8211; <\/span><\/strong>Proca\u00f1a hace llamado por la protecci\u00f3n del empleo y la estabilidad de las comunidades rurales.<\/a><\/p>\n<p align=\"left\" style=\"text-align: left;\">\n<p align=\"left\" style=\"text-align: left;\"><a href=\"https:\/\/procana.org\/site\/rechazamos-los-hechos-violentos-cometidos-contra-un-trabajador-de-la-agroindustria-de-la-cana\/\" target=\"_blank\" rel=\"noopener noreferrer\"><strong><span><img loading=\"lazy\" decoding=\"async\" src=\"https:\/\/procana.org\/site\/wp-content\/uploads\/2021\/03\/IconoPDFDescarga-1.png\" width=\"28\" height=\"36\" alt=\"\" class=\"wp-image-1621 alignnone size-full\" \/>\u00a0BOLET\u00cdN DE PRENSA PROCA\u00d1A 22 &#8211;\u00a0<\/span><\/strong>Rechazamos los hechos violentos cometidos contra un trabajador de la agroindustria de la ca\u00f1a, en el municipio de Padilla.<\/a><\/p>\n<p align=\"left\" style=\"text-align: left;\"><a href=\"https:\/\/procana.org\/site\/rechazamos-el-secuestro-de-una-nina-de-8-anos-y-su-padre-durante-la-invasion-a-la-finca-el-blancal-en-el-municipio-de-corinto-cauca\/\" target=\"_blank\" rel=\"noopener noreferrer\"><strong><span><img loading=\"lazy\" decoding=\"async\" src=\"https:\/\/procana.org\/site\/wp-content\/uploads\/2021\/03\/IconoPDFDescarga-1.png\" width=\"28\" height=\"36\" alt=\"\" class=\"wp-image-1621 alignnone size-full\" \/>\u00a0BOLET\u00cdN DE PRENSA PROCA\u00d1A 21 &#8211; Rechazamos el secuestro de una ni\u00f1a de 8 a\u00f1os y su padre durante la invasi\u00f3n a la Finca el Blancal<\/span><\/strong><\/a><\/p>\n<p align=\"left\" style=\"text-align: left;\"><a href=\"https:\/\/procana.org\/site\/rechazamos-el-secuestro-de-una-nina-de-8-anos-y-su-padre-durante-la-invasion-a-la-finca-el-blancal-en-el-municipio-de-corinto-cauca\/\" target=\"_blank\" rel=\"noopener noreferrer\"><strong><span><img loading=\"lazy\" decoding=\"async\" src=\"https:\/\/procana.org\/site\/wp-content\/uploads\/2021\/03\/IconoPDFDescarga-1.png\" width=\"28\" height=\"36\" alt=\"\" class=\"wp-image-1621 alignnone size-full\" \/><span style=\"color: #000000;\">\u00a0BOLET\u00cdN DE PRENSA PROCA\u00d1A 20 &#8211; Rechazamos el secuestro de una ni\u00f1a de 8 a\u00f1os y su padre durante la invasi\u00f3n a la Finca el Blancal<\/span><\/span><\/strong><\/a><\/p>\n<p align=\"left\" style=\"text-align: left;\"><span style=\"color: #000000;\"><a href=\"https:\/\/procana.org\/site\/comunicado-de-prensa\/\" target=\"_blank\" rel=\"noopener noreferrer\" style=\"color: #000000;\"><strong><img loading=\"lazy\" decoding=\"async\" src=\"https:\/\/procana.org\/site\/wp-content\/uploads\/2021\/03\/IconoPDFDescarga-1.png\" width=\"28\" height=\"36\" alt=\"\" class=\"wp-image-1621 alignnone size-full\" \/>\u00a0BOLET\u00cdN DE PRENSA PROCA\u00d1A 19 &#8211; Asesinato de trabajador Ingenio Incauca<\/strong><\/a><\/span><\/p>\n<p align=\"left\" style=\"text-align: left;\"><span style=\"color: #000000;\"><strong><a href=\"https:\/\/procana.org\/site\/comunicado-del-sector-gremial-del-cauca-y-valle-del-cauca-ante-hechos-de-violencia-invasion-y-dano-ambiental-ocurridos-en-la-finca-japio\/\" target=\"_blank\" rel=\"noopener noreferrer\" style=\"color: #000000;\"><img loading=\"lazy\" decoding=\"async\" src=\"https:\/\/procana.org\/site\/wp-content\/uploads\/2021\/03\/IconoPDFDescarga-1.png\" width=\"28\" height=\"36\" alt=\"\" class=\"wp-image-1621 alignnone size-full\" \/>\u00a0BOLET\u00cdN DE PRENSA PROCA\u00d1A 18 &#8211; Hechos de violencia, invasi\u00f3n y da\u00f1o ambiental ocurridos en la finca Japio. <\/a><\/strong><\/span><\/p>\n<p align=\"left\" style=\"text-align: left;\"><span style=\"color: #000000;\"><strong><a href=\"https:\/\/procana.org\/site\/procana-se-une-a-las-voces-de-rechazo-por-el-ataque-en-la-hacienda-las-canas\/\" target=\"_blank\" rel=\"noopener noreferrer\" style=\"color: #000000;\"><img loading=\"lazy\" decoding=\"async\" src=\"https:\/\/procana.org\/site\/wp-content\/uploads\/2021\/03\/IconoPDFDescarga-1.png\" width=\"28\" height=\"36\" alt=\"\" class=\"wp-image-1621 alignnone size-full\" \/>\u00a0BOLET\u00cdN DE PRENSA PROCA\u00d1A 17 &#8211; Proca\u00f1a se une a las voces de rechazo por el ataque en la Hacienda Las Ca\u00f1as.<\/a><\/strong><\/span><\/p>\n<p align=\"left\" style=\"text-align: left;\"><span style=\"color: #000000;\"><strong><a href=\"https:\/\/procana.org\/site\/boletin-de-prensa-procana\/\" target=\"_blank\" rel=\"noopener noreferrer\" style=\"color: #000000;\"><img loading=\"lazy\" decoding=\"async\" src=\"https:\/\/procana.org\/site\/wp-content\/uploads\/2021\/03\/IconoPDFDescarga-1.png\" width=\"28\" height=\"36\" alt=\"\" class=\"wp-image-1621 alignnone size-full\" \/>\u00a0BOLET\u00cdN DE PRENSA PROCA\u00d1A 16 &#8211; Atentado contra la vida y la paz en el norte del Cauca<\/a><\/strong><\/span><\/p>\n<p align=\"left\" style=\"text-align: left;\"><span style=\"color: #000000;\"><strong><a href=\"https:\/\/procana.org\/site\/boletin-de-prensa-procana-15-atentado-contra-trabajador-ingenio-la-cabana\/\" target=\"_blank\" rel=\"noopener noreferrer\" style=\"color: #000000;\"><img loading=\"lazy\" decoding=\"async\" src=\"https:\/\/procana.org\/site\/wp-content\/uploads\/2021\/03\/IconoPDFDescarga-1.png\" width=\"28\" height=\"36\" alt=\"\" class=\"wp-image-1621 alignnone size-full\" \/><\/a><a href=\"https:\/\/procana.org\/site\/boletin-de-prensa-procana-15-atentado-contra-trabajador-ingenio-la-cabana\/\" target=\"_blank\" rel=\"noopener noreferrer\" style=\"color: #000000;\">\u00a0BOLET\u00cdN DE PRENSA PROCA\u00d1A 15 &#8211; Atentado contra trabajador Ingenio La Caba\u00f1a<\/a><\/strong><\/span><\/p>\n<p align=\"left\" style=\"text-align: left;\"><span style=\"color: #000000;\"><strong><a href=\"https:\/\/procana.org\/site\/wp-content\/uploads\/2023\/02\/2023-02-06-COMUNICADO-PROCANA-ASESINATO-TRABAJADORES-NORTE-DEL-CAUCA.pdf\" target=\"_blank\" rel=\"noopener noreferrer\" style=\"color: #000000;\"><img loading=\"lazy\" decoding=\"async\" src=\"https:\/\/procana.org\/site\/wp-content\/uploads\/2021\/03\/IconoPDFDescarga-1.png\" width=\"28\" height=\"36\" alt=\"\" class=\"wp-image-1621 alignnone size-full\" \/><\/a><a href=\"https:\/\/procana.org\/site\/wp-content\/uploads\/2023\/02\/2023-02-06-COMUNICADO-PROCANA-ASESINATO-TRABAJADORES-NORTE-DEL-CAUCA.pdf\" target=\"_blank\" rel=\"noopener noreferrer\" style=\"color: #000000;\">\u00a0BOLETIN DE PRENSA PROCA\u00d1A 14 &#8211; Asesinato Trabajadores Norte del Cauca<\/a><\/strong><\/span><\/p>\n<p align=\"left\" style=\"text-align: left;\"><span style=\"color: #000000;\"><strong><a href=\"https:\/\/procana.org\/site\/wp-content\/uploads\/2021\/03\/2021-01-26-BOLETIN_DE_PRENSA_PROCANA-condolencias-Carlos-Holmes-Trujillo.pdf\" target=\"_blank\" rel=\"noopener noreferrer\" style=\"color: #000000;\"><img loading=\"lazy\" decoding=\"async\" src=\"https:\/\/procana.org\/site\/wp-content\/uploads\/2021\/03\/IconoPDFDescarga-1.png\" width=\"28\" height=\"36\" alt=\"\" class=\"wp-image-1621 alignnone size-full\" \/><\/a><a href=\"https:\/\/procana.org\/site\/wp-content\/uploads\/2022\/08\/COMUNICADO-DE-PRENSA-CONJUNTOA-INVASIONES-22-DE-JULIO-2022.pdf\" target=\"_blank\" rel=\"noopener noreferrer\" style=\"color: #000000;\">\u00a0BOLETIN DE PRENSA PROCA\u00d1A 13 &#8211; Invasiones N\u00b02<\/a><\/strong><\/span><\/p>\n<p align=\"left\" style=\"text-align: left;\"><span style=\"color: #000000;\"><strong><a href=\"https:\/\/procana.org\/site\/wp-content\/uploads\/2021\/03\/2021-01-26-BOLETIN_DE_PRENSA_PROCANA-condolencias-Carlos-Holmes-Trujillo.pdf\" target=\"_blank\" rel=\"noopener noreferrer\" style=\"color: #000000;\"><img loading=\"lazy\" decoding=\"async\" src=\"https:\/\/procana.org\/site\/wp-content\/uploads\/2021\/03\/IconoPDFDescarga-1.png\" width=\"28\" height=\"36\" alt=\"\" class=\"wp-image-1621 alignnone size-full\" \/><\/a><a href=\"https:\/\/procana.org\/site\/wp-content\/uploads\/2022\/08\/BOLETI\u0301N-INCENTIVO-PARA-LA-GENERACIO\u0301N-DE-NUEVOS-EMPLEOS-4.pdf\" target=\"_blank\" rel=\"noopener noreferrer\" style=\"color: #000000;\">\u00a0BOLETIN DE PRENSA PROCA\u00d1A 12\u00a0&#8211; Incentivo para la Generaci\u00f3n de Nuevos Empleos<\/a><\/strong><\/span><\/p>\n<p align=\"left\" style=\"text-align: left;\"><span style=\"color: #000000;\"><strong><a href=\"https:\/\/procana.org\/site\/wp-content\/uploads\/2021\/03\/2021-01-26-BOLETIN_DE_PRENSA_PROCANA-condolencias-Carlos-Holmes-Trujillo.pdf\" target=\"_blank\" rel=\"noopener noreferrer\" style=\"color: #000000;\"><img loading=\"lazy\" decoding=\"async\" src=\"https:\/\/procana.org\/site\/wp-content\/uploads\/2021\/03\/IconoPDFDescarga-1.png\" width=\"28\" height=\"36\" alt=\"\" class=\"wp-image-1621 alignnone size-full\" \/><\/a><a href=\"https:\/\/procana.org\/site\/wp-content\/uploads\/2022\/08\/COMUNICADO-INVASIONES-CALI-14-JUL-2022.pdf\" target=\"_blank\" rel=\"noopener noreferrer\" style=\"color: #000000;\">\u00a0BOLETIN DE PRENSA PROCA\u00d1A 11 &#8211; Invasiones\u00a0<\/a><\/strong><\/span><\/p>\n<p align=\"left\" style=\"text-align: left;\"><span style=\"color: #000000;\"><strong><a href=\"https:\/\/procana.org\/site\/wp-content\/uploads\/2021\/03\/2021-01-26-BOLETIN_DE_PRENSA_PROCANA-condolencias-Carlos-Holmes-Trujillo.pdf\" target=\"_blank\" rel=\"noopener noreferrer\" style=\"color: #000000;\"><img loading=\"lazy\" decoding=\"async\" src=\"https:\/\/procana.org\/site\/wp-content\/uploads\/2021\/03\/IconoPDFDescarga-1.png\" width=\"28\" height=\"36\" alt=\"\" class=\"wp-image-1621 alignnone size-full\" \/><\/a><a href=\"https:\/\/procana.org\/site\/wp-content\/uploads\/2022\/08\/2022-06-14-BOLETIN_CUMPLEANOS-DE-PROCANA-1.pdf\" target=\"_blank\" rel=\"noopener noreferrer\" style=\"color: #000000;\">\u00a0BOLETIN DE PRENSA PROCA\u00d1A 10 &#8211; Proca\u00f1a, 49 a\u00f1os<\/a><\/strong><\/span><\/p>\n<p align=\"left\" style=\"text-align: left;\"><span style=\"color: #000000;\"><strong><a href=\"https:\/\/procana.org\/site\/wp-content\/uploads\/2021\/03\/2021-01-26-BOLETIN_DE_PRENSA_PROCANA-condolencias-Carlos-Holmes-Trujillo.pdf\" target=\"_blank\" rel=\"noopener noreferrer\" style=\"color: #000000;\"><img loading=\"lazy\" decoding=\"async\" src=\"https:\/\/procana.org\/site\/wp-content\/uploads\/2021\/03\/IconoPDFDescarga-1.png\" width=\"28\" height=\"36\" alt=\"\" class=\"wp-image-1621 alignnone size-full\" \/><\/a><a href=\"https:\/\/procana.org\/site\/wp-content\/uploads\/2022\/08\/BOLETIN_INFORMATIVO_21_JULIO-1.pdf\" target=\"_blank\" rel=\"noopener noreferrer\" style=\"color: #000000;\">\u00a0BOLETIN DE PRENSA PROCA\u00d1A 9 &#8211; Agricultura por Contrato en Tulu\u00e1<\/a><\/strong><\/span><\/p>\n<p align=\"left\" style=\"text-align: left;\"><span style=\"color: #000000;\"><strong><a href=\"https:\/\/procana.org\/site\/wp-content\/uploads\/2021\/03\/2021-01-26-BOLETIN_DE_PRENSA_PROCANA-condolencias-Carlos-Holmes-Trujillo.pdf\" target=\"_blank\" rel=\"noopener noreferrer\" style=\"color: #000000;\"><img loading=\"lazy\" decoding=\"async\" src=\"https:\/\/procana.org\/site\/wp-content\/uploads\/2021\/03\/IconoPDFDescarga-1.png\" width=\"28\" height=\"36\" alt=\"\" class=\"wp-image-1621 alignnone size-full\" \/><\/a><a href=\"https:\/\/procana.org\/site\/wp-content\/uploads\/2022\/08\/2022_23_06-BOLETIN-SEMBRATON-Balsilla.pdf\" target=\"_blank\" rel=\"noopener noreferrer\" style=\"color: #000000;\">\u00a0BOLETIN DE PRENSA PROCA\u00d1A 8 &#8211;\u00a0<\/a><\/strong><a href=\"https:\/\/procana.org\/site\/wp-content\/uploads\/2022\/08\/2022_23_06-BOLETIN-SEMBRATON-Balsilla.pdf\" target=\"_blank\" rel=\"noopener noreferrer\" style=\"color: #000000;\"><strong>Proca\u00f1a realiza cuarta sembrat\u00f3n con \u00e9xito<\/strong><\/a><\/span><\/p>\n<p align=\"left\" style=\"text-align: left;\"><span style=\"color: #000000;\"><strong><a href=\"https:\/\/procana.org\/site\/wp-content\/uploads\/2021\/03\/2021-01-26-BOLETIN_DE_PRENSA_PROCANA-condolencias-Carlos-Holmes-Trujillo.pdf\" target=\"_blank\" rel=\"noopener noreferrer\" style=\"color: #000000;\"><img loading=\"lazy\" decoding=\"async\" src=\"https:\/\/procana.org\/site\/wp-content\/uploads\/2021\/03\/IconoPDFDescarga-1.png\" width=\"28\" height=\"36\" alt=\"\" class=\"wp-image-1621 alignnone size-full\" \/><\/a><a href=\"https:\/\/procana.org\/site\/wp-content\/uploads\/2021\/03\/BOLETIN_DE_PRENSA_PROCANA_LLUVIAS.pdf\" target=\"_blank\" rel=\"noopener noreferrer\" style=\"color: #000000;\">\u00a0BOLETIN DE PRENSA PROCA\u00d1A 7 &#8211; Temporada de Lluvias <\/a><\/strong><\/span><\/p>\n<p align=\"left\" style=\"text-align: left;\"><span style=\"color: #000000;\"><strong><a href=\"https:\/\/procana.org\/site\/wp-content\/uploads\/2021\/03\/2021-01-26-BOLETIN_DE_PRENSA_PROCANA-condolencias-Carlos-Holmes-Trujillo.pdf\" target=\"_blank\" rel=\"noopener noreferrer\" style=\"color: #000000;\"><img loading=\"lazy\" decoding=\"async\" src=\"https:\/\/procana.org\/site\/wp-content\/uploads\/2021\/03\/IconoPDFDescarga-1.png\" width=\"28\" height=\"36\" alt=\"\" class=\"wp-image-1621 alignnone size-full\" \/>\u00a0BOLETIN DE PRENSA PROCA\u00d1A 6 &#8211; Condolencias Carlos Holmes Trujillo<\/a><\/strong><\/span><\/p>\n<p align=\"left\" style=\"text-align: left;\"><span style=\"color: #000000;\"><strong><img loading=\"lazy\" decoding=\"async\" src=\"https:\/\/procana.org\/site\/wp-content\/uploads\/2021\/03\/IconoPDFDescarga-1.png\" width=\"28\" height=\"36\" alt=\"\" class=\"wp-image-1621 alignnone size-full\" \/>\u00a0<a href=\"https:\/\/procana.org\/site\/wp-content\/uploads\/2021\/03\/Boletin-de-Prensa-5_CONEXION-INTERNACIONAL-.pdf\" target=\"_blank\" rel=\"noopener noreferrer\" style=\"color: #000000;\">Bolet\u00edn de Prensa 5 &#8211; CONEXION INTERNACIONAL<\/a><\/strong><strong><\/strong><\/span><\/p>\n<p align=\"left\" style=\"text-align: left;\"><span style=\"color: #000000;\"><strong><\/strong><strong><img loading=\"lazy\" decoding=\"async\" src=\"https:\/\/procana.org\/site\/wp-content\/uploads\/2021\/03\/IconoPDFDescarga-1.png\" width=\"28\" height=\"36\" alt=\"\" class=\"wp-image-1621 alignnone size-full\" \/>\u00a0<a href=\"https:\/\/procana.org\/site\/wp-content\/uploads\/2021\/03\/Boletin-de-Prensa-4_CONEXION-INTERNACIONAL-VF.pdf\" target=\"_blank\" rel=\"noopener noreferrer\" style=\"color: #000000;\">Bolet\u00edn de Prensa 4 &#8211; CONEXION INTERNACIONAL VF<\/a><\/strong><\/span><\/p>\n<p align=\"left\" style=\"text-align: left;\"><span style=\"color: #000000;\"><strong><\/strong><strong><img loading=\"lazy\" decoding=\"async\" src=\"https:\/\/procana.org\/site\/wp-content\/uploads\/2021\/03\/IconoPDFDescarga-1.png\" width=\"28\" height=\"36\" alt=\"\" class=\"wp-image-1621 alignnone size-full\" \/>\u00a0<a href=\"https:\/\/procana.org\/site\/wp-content\/uploads\/2021\/03\/Boletin-de-Prensa-3_CONEXION-INTERNACIONAL-CORREGIDO.pdf\" target=\"_blank\" rel=\"noopener noreferrer\" style=\"color: #000000;\">Bolet\u00edn de Prensa 3 &#8211; CONEXION INTERNACIONAL CORREGIDO<\/a><\/strong><\/span><\/p>\n<p align=\"left\" style=\"text-align: left;\"><span style=\"color: #000000;\"><strong><\/strong><strong><a href=\"https:\/\/procana.org\/site\/wp-content\/uploads\/2021\/03\/Boletin-de-Prensa-1_CONEXION-INTERNACIONAL-OCTUBRE-VF.pdf\" target=\"_blank\" rel=\"noopener noreferrer\" style=\"color: #000000;\"><img loading=\"lazy\" decoding=\"async\" src=\"https:\/\/procana.org\/site\/wp-content\/uploads\/2021\/03\/IconoPDFDescarga-1.png\" width=\"28\" height=\"36\" alt=\"\" class=\"wp-image-1621 alignnone size-full\" \/> Bolet\u00edn de Prensa 1 -_CONEXION INTERNACIONAL OCTUBRE<\/a><\/strong><\/span><\/p>\n<p>[\/et_pb_text][\/et_pb_column][\/et_pb_row][\/et_pb_section]<\/p>\n","protected":false},"excerpt":{"rendered":"<p>Sala de PrensaSala de PrensaA continuaci\u00f3n se listan todas las publicaciones de sala de prensa, disponibles en nuestro sitio Web. BOLET\u00cdN DE PRENSA PROCA\u00d1A 23 &#8211; Proca\u00f1a hace llamado por la protecci\u00f3n del empleo y la estabilidad de las comunidades rurales. \u00a0BOLET\u00cdN DE PRENSA PROCA\u00d1A 22 &#8211;\u00a0Rechazamos los hechos violentos cometidos contra un trabajador de [&hellip;]<\/p>\n","protected":false},"author":1,"featured_media":0,"parent":0,"menu_order":0,"comment_status":"closed","ping_status":"closed","template":"","meta":{"_et_pb_use_builder":"on","_et_pb_old_content":"","_et_gb_content_width":"","footnotes":""},"class_list":["post-1787","page","type-page","status-publish","hentry"],"_links":{"self":[{"href":"https:\/\/procana.org\/site\/wp-json\/wp\/v2\/pages\/1787","targetHints":{"allow":["GET"]}}],"collection":[{"href":"https:\/\/procana.org\/site\/wp-json\/wp\/v2\/pages"}],"about":[{"href":"https:\/\/procana.org\/site\/wp-json\/wp\/v2\/types\/page"}],"author":[{"embeddable":true,"href":"https:\/\/procana.org\/site\/wp-json\/wp\/v2\/users\/1"}],"replies":[{"embeddable":true,"href":"https:\/\/procana.org\/site\/wp-json\/wp\/v2\/comments?post=1787"}],"version-history":[{"count":19,"href":"https:\/\/procana.org\/site\/wp-json\/wp\/v2\/pages\/1787\/revisions"}],"predecessor-version":[{"id":10371,"href":"https:\/\/procana.org\/site\/wp-json\/wp\/v2\/pages\/1787\/revisions\/10371"}],"wp:attachment":[{"href":"https:\/\/procana.org\/site\/wp-json\/wp\/v2\/media?parent=1787"}],"curies":[{"name":"wp","href":"https:\/\/api.w.org\/{rel}","templated":true}]}}