{"id":175,"date":"2021-01-21T03:14:44","date_gmt":"2021-01-21T08:14:44","guid":{"rendered":"http:\/\/localhost\/procana\/?page_id=175"},"modified":"2021-03-25T10:42:14","modified_gmt":"2021-03-25T15:42:14","slug":"historia-de-procana","status":"publish","type":"page","link":"https:\/\/procana.org\/site\/historia-de-procana\/","title":{"rendered":"Historia de Proca\u00f1a"},"content":{"rendered":"<p>[et_pb_section fb_built=&#8221;1&#8243; custom_padding_last_edited=&#8221;on|phone&#8221; disabled_on=&#8221;on|on|off&#8221; admin_label=&#8221;Section&#8221; module_id=&#8221;timeline&#8221; _builder_version=&#8221;4.8.1&#8243; _module_preset=&#8221;default&#8221; background_color=&#8221;rgba(10,10,10,0.03)&#8221; background_image=&#8221;https:\/\/procana.org\/site\/wp-content\/uploads\/2021\/03\/banner-quienes-somos-01.png&#8221; background_size=&#8221;contain&#8221; custom_margin=&#8221;30px||||false|false&#8221; custom_margin_tablet=&#8221;&#8221; custom_margin_phone=&#8221;&#8221; custom_margin_last_edited=&#8221;on|phone&#8221; custom_padding=&#8221;360px||0px|0px|false|false&#8221; custom_padding_tablet=&#8221;&#8221; custom_padding_phone=&#8221;|||60px|false|false&#8221; custom_css_main_element=&#8221;top:0px;||width:100%;&#8221; locked=&#8221;off&#8221;][\/et_pb_section][et_pb_section fb_built=&#8221;1&#8243; custom_padding_last_edited=&#8221;on|phone&#8221; disabled_on=&#8221;off|off|on&#8221; admin_label=&#8221;Section&#8221; module_id=&#8221;timeline&#8221; _builder_version=&#8221;4.8.1&#8243; _module_preset=&#8221;default&#8221; background_color=&#8221;rgba(10,10,10,0.03)&#8221; background_image=&#8221;https:\/\/procana.org\/site\/wp-content\/uploads\/2021\/03\/banner-quienes-somos-01.png&#8221; background_size=&#8221;contain&#8221; background_position=&#8221;center_right&#8221; custom_margin=&#8221;0px||-15px||false|false&#8221; custom_margin_tablet=&#8221;&#8221; custom_margin_phone=&#8221;&#8221; custom_margin_last_edited=&#8221;on|phone&#8221; custom_padding=&#8221;200px||0px|0px|false|false&#8221; custom_padding_tablet=&#8221;&#8221; custom_padding_phone=&#8221;|||60px|false|false&#8221; custom_css_main_element=&#8221;top:0px;||width:100%;&#8221; locked=&#8221;off&#8221;][\/et_pb_section][et_pb_section fb_built=&#8221;1&#8243; _builder_version=&#8221;4.8.1&#8243; _module_preset=&#8221;default&#8221; custom_padding=&#8221;19px|||||&#8221;][et_pb_row _builder_version=&#8221;4.8.1&#8243; _module_preset=&#8221;default&#8221; background_enable_image=&#8221;off&#8221; background_position=&#8221;top_center&#8221; width=&#8221;90%&#8221; max_width=&#8221;100%&#8221; custom_margin=&#8221;0px|auto||auto|false|false&#8221;][et_pb_column type=&#8221;4_4&#8243; _builder_version=&#8221;4.8.1&#8243; _module_preset=&#8221;default&#8221;][et_pb_text disabled_on=&#8221;on|on|off&#8221; _builder_version=&#8221;4.8.1&#8243; _module_preset=&#8221;default&#8221; text_font=&#8221;Oswald||||||||&#8221; custom_margin=&#8221;-3px||-2px||false|false&#8221; custom_padding=&#8221;|||71px|false|false&#8221;]<\/p>\n<h1 style=\"color: #173b72;\">Historia de Proca\u00f1a<\/h1>\n<p>[\/et_pb_text][et_pb_text disabled_on=&#8221;off|off|on&#8221; _builder_version=&#8221;4.8.1&#8243; _module_preset=&#8221;default&#8221; text_font=&#8221;Oswald||||||||&#8221; custom_margin=&#8221;||-2px||false|false&#8221; custom_padding=&#8221;|||71px|false|false&#8221;]<\/p>\n<h1 style=\"color: #173b72;\">Historia de Proca\u00f1a<\/h1>\n<p>[\/et_pb_text][et_pb_text disabled_on=&#8221;off|off|off&#8221; _builder_version=&#8221;4.8.1&#8243; _module_preset=&#8221;default&#8221; custom_padding=&#8221;|||46px|false|false&#8221;]<a href=\"#1973\"><img loading=\"lazy\" decoding=\"async\" src=\"https:\/\/procana.org\/site\/wp-content\/uploads\/2021\/03\/btn-1973-2-01.png\" width=\"55\" height=\"71\" alt=\"\" class=\"wp-image-1236 alignnone size-full\" \/><\/a><a href=\"#2003\"><img loading=\"lazy\" decoding=\"async\" src=\"https:\/\/procana.org\/site\/wp-content\/uploads\/2021\/03\/btn-2003-2-01.png\" width=\"55\" height=\"71\" alt=\"\" class=\"wp-image-1237 alignnone size-full\" \/><\/a><a href=\"#2010\"><img loading=\"lazy\" decoding=\"async\" src=\"https:\/\/procana.org\/site\/wp-content\/uploads\/2021\/03\/btn-2010-2-01.png\" width=\"55\" height=\"71\" alt=\"\" class=\"wp-image-1238 alignnone size-full\" \/><\/a><a href=\"#2011\"><img loading=\"lazy\" decoding=\"async\" src=\"https:\/\/procana.org\/site\/wp-content\/uploads\/2021\/03\/btn-2011-2-01.png\" width=\"55\" height=\"71\" alt=\"\" class=\"wp-image-1239 alignnone size-full\" \/><\/a><a href=\"#2012\"><img loading=\"lazy\" decoding=\"async\" src=\"https:\/\/procana.org\/site\/wp-content\/uploads\/2021\/03\/btn-2012-2-01.png\" width=\"55\" height=\"71\" alt=\"\" class=\"wp-image-1240 alignnone size-full\" \/><\/a><a href=\"#2013\"><img loading=\"lazy\" decoding=\"async\" src=\"https:\/\/procana.org\/site\/wp-content\/uploads\/2021\/03\/btn-2013-2-01.png\" width=\"55\" height=\"71\" alt=\"\" class=\"wp-image-1241 alignnone size-full\" \/><\/a><a href=\"#2014\"><img loading=\"lazy\" decoding=\"async\" src=\"https:\/\/procana.org\/site\/wp-content\/uploads\/2021\/03\/btn-2014-2-01.png\" width=\"55\" height=\"71\" alt=\"\" class=\"wp-image-1242 alignnone size-full\" \/><\/a><a href=\"#2015\"><img loading=\"lazy\" decoding=\"async\" src=\"https:\/\/procana.org\/site\/wp-content\/uploads\/2021\/03\/btn-20152-01.png\" width=\"55\" height=\"71\" alt=\"\" class=\"wp-image-1234 alignnone size-full\" \/><\/a><a href=\"#2016\"><img loading=\"lazy\" decoding=\"async\" src=\"https:\/\/procana.org\/site\/wp-content\/uploads\/2021\/03\/btn-2016-2-01.png\" width=\"55\" height=\"71\" alt=\"\" class=\"wp-image-1243 alignnone size-full\" \/><\/a><a href=\"#2017\"><img loading=\"lazy\" decoding=\"async\" src=\"https:\/\/procana.org\/site\/wp-content\/uploads\/2021\/03\/btn-2017-2-01.png\" width=\"55\" height=\"71\" alt=\"\" class=\"wp-image-1244 alignnone size-full\" \/><\/a><a href=\"#2018\"><img loading=\"lazy\" decoding=\"async\" src=\"https:\/\/procana.org\/site\/wp-content\/uploads\/2021\/03\/btn-2018-2-01.png\" width=\"55\" height=\"71\" alt=\"\" class=\"wp-image-1245 alignnone size-full\" \/><\/a><a href=\"#2019\"><img loading=\"lazy\" decoding=\"async\" src=\"https:\/\/procana.org\/site\/wp-content\/uploads\/2021\/03\/btn-2019-2-01.png\" width=\"55\" height=\"71\" alt=\"\" class=\"wp-image-1246 alignnone size-full\" \/><\/a><a href=\"#2020\"><img loading=\"lazy\" decoding=\"async\" src=\"https:\/\/procana.org\/site\/wp-content\/uploads\/2021\/03\/btn-2020-2-01.png\" width=\"55\" height=\"71\" alt=\"\" class=\"wp-image-1247 alignnone size-full\" \/><\/a>[\/et_pb_text][et_pb_image src=&#8221;https:\/\/procana.org\/site\/wp-content\/uploads\/2021\/03\/HistoriaAno1973-1.jpg&#8221; title_text=&#8221;HistoriaA\u00f1o1973 (1)&#8221; show_bottom_space=&#8221;off&#8221; force_fullwidth=&#8221;on&#8221; _builder_version=&#8221;4.8.1&#8243; _module_preset=&#8221;default&#8221; background_enable_image=&#8221;off&#8221; background_size=&#8221;contain&#8221;][\/et_pb_image][et_pb_text _builder_version=&#8221;4.8.1&#8243; _module_preset=&#8221;default&#8221; text_font=&#8221;Montserrat||||||||&#8221; custom_padding=&#8221;0px|40px|0px|40px|true|false&#8221; hover_enabled=&#8221;0&#8243; sticky_enabled=&#8221;0&#8243;]<\/p>\n<p align=\"left\" style=\"text-align: justify;\"><strong><img loading=\"lazy\" decoding=\"async\" src=\"https:\/\/procana.org\/site\/wp-content\/uploads\/2021\/03\/img-historia1a-01.png\" width=\"294\" height=\"443\" alt=\"\" class=\"wp-image-1105 alignleft size-full\" \/><\/strong>PROCA\u00d1A\u00ae<span>\u00a0fue fundada el 15 de junio de 1973 con resoluci\u00f3n No. 2769 del Ministerio de Agricultura y Desarrollo Rural y domiciliada en la ciudad de Cali, como entidad de car\u00e1cter gremial sin \u00e1nimo de lucro, que ejerce la representaci\u00f3n de las personas naturales o jur\u00eddicas que cultivan ca\u00f1a de az\u00facar.<\/span><\/p>\n<p align=\"left\" style=\"text-align: justify;\"><span>Dio origen a este gremio de ca\u00f1icultores la creciente importancia de la ca\u00f1a de az\u00facar como materia prima para la industria azucarera de nuestra regi\u00f3n en la d\u00e9cada del 70 y la necesidad de apoyar el conocimiento t\u00e9cnico para mejorar la productividad.<\/span><\/p>\n<p align=\"left\" style=\"text-align: justify;\"><span>PROCA\u00d1A\u00ae se convirti\u00f3 en responsable de mantener actualizada la informaci\u00f3n del sector, analizar y evaluar el efecto econ\u00f3mico de las diversas propuestas contractuales sobre los ingresos del agricultor, promover mejores pr\u00e1cticas agr\u00edcolas en el cultivo de la ca\u00f1a de az\u00facar y velar por los intereses de los cultivadores de ca\u00f1a.<\/span><span id=\"2003\"><\/span><\/p>\n<p align=\"left\" style=\"text-align: justify;\"><span>En la \u00faltima d\u00e9cada PROCA\u00d1A\u00ae ha ampliado su portafolio de servicios para aprovechar las econom\u00edas de escala: p\u00f3liza colectiva de seguros, cr\u00e9ditos y recursos financieros con tasas y plazos preferenciales, revisi\u00f3n de liquidaciones de ca\u00f1a, an\u00e1lisis de ajustes de exportaci\u00f3n y costos de producci\u00f3n, desarrollo de eventos, p\u00e1gina web, redes sociales, revista y boletines informativos permanentes.<\/span><\/p>\n<p align=\"left\" style=\"text-align: justify;\"> <a href=\"#timeline\" style=\"font-size: 12px; color: #173b72;\"><img loading=\"lazy\" decoding=\"async\" src=\"https:\/\/procana.org\/site\/wp-content\/uploads\/2021\/03\/BotonVolveraLineadeTiempo.jpg\" width=\"194\" height=\"35\" alt=\"\" class=\"wp-image-1587 alignnone size-full\" \/><\/a><\/p>\n<p>[\/et_pb_text][et_pb_image src=&#8221;https:\/\/procana.org\/site\/wp-content\/uploads\/2021\/03\/HistoriaAno2003.jpg&#8221; title_text=&#8221;HistoriaA\u00f1o2003&#8243; show_bottom_space=&#8221;off&#8221; force_fullwidth=&#8221;on&#8221; _builder_version=&#8221;4.8.1&#8243; _module_preset=&#8221;default&#8221; background_enable_image=&#8221;off&#8221; background_size=&#8221;contain&#8221;][\/et_pb_image][et_pb_text disabled_on=&#8221;on|on|off&#8221; _builder_version=&#8221;4.8.1&#8243; _module_preset=&#8221;default&#8221; text_font=&#8221;Montserrat||||||||&#8221; custom_padding=&#8221;0px|40px|0px|40px|false|false&#8221;]<\/p>\n<p align=\"left\" style=\"text-align: justify;\"><span><img loading=\"lazy\" decoding=\"async\" src=\"https:\/\/procana.org\/site\/wp-content\/uploads\/2021\/03\/img-historia1b.png\" width=\"432\" height=\"242\" alt=\"\" class=\"wp-image-1110 alignright size-full\" \/>A partir de 2003 y con la expectativa del inicio de la producci\u00f3n de alcohol carburante, PROCA\u00d1A\u00ae dio inicio al estudio de este nuevo negocio:\u00a0 Elaboraci\u00f3n y presentaci\u00f3n de propuesta de pago de ca\u00f1a para alcohol ante el FEPA y el Ministro de Agricultura (2005); <span id=\"2010\"><\/span>Visitas t\u00e9cnicas para conocer el campo y la industria surcroalcoholera de Brasil (2005); An\u00e1lisis del proyecto de producci\u00f3n de etanol en la Hoya de R\u00edo Su\u00e1rez (2005); Proyecto de factibilidad de producci\u00f3n de etanol en el Valle del Cauca con una Banca de inversi\u00f3n internacional (2006) y Estudio de prefactibilidad para montaje de planta de etanol propiedad de agricultores (2011-2012).<\/span><\/p>\n<p><a href=\"#timeline\" style=\"font-size: 12px; color: #173b72;\"><img loading=\"lazy\" decoding=\"async\" src=\"https:\/\/procana.org\/site\/wp-content\/uploads\/2021\/03\/BotonVolveraLineadeTiempo.jpg\" width=\"194\" height=\"35\" alt=\"\" class=\"wp-image-1587 alignnone size-full\" \/><\/a><\/p>\n<p>[\/et_pb_text][et_pb_text disabled_on=&#8221;off|off|on&#8221; _builder_version=&#8221;4.8.1&#8243; _module_preset=&#8221;default&#8221; text_font=&#8221;Montserrat||||||||&#8221; custom_padding=&#8221;0px|40px|0px|40px|false|false&#8221;]<\/p>\n<p align=\"left\" style=\"text-align: justify;\"><span>A partir de 2003 y con la expectativa del inicio de la producci\u00f3n de alcohol carburante, PROCA\u00d1A\u00ae dio inicio al estudio de este nuevo negocio:\u00a0 Elaboraci\u00f3n y presentaci\u00f3n de propuesta de pago de ca\u00f1a para alcohol ante el FEPA y el Ministro de Agricultura (2005); Visitas t\u00e9cnicas para conocer el campo y la industria surcroalcoholera de Brasil (2005); An\u00e1lisis del proyecto de producci\u00f3n de etanol en la Hoya de R\u00edo Su\u00e1rez (2005); Proyecto de factibilidad de producci\u00f3n de etanol en el Valle del Cauca con una Banca de inversi\u00f3n internacional (2006) y Estudio de prefactibilidad para montaje de planta de etanol propiedad de agricultores (2011-2012).<\/span><\/p>\n<p><a href=\"#timeline\" style=\"font-size: 12px; color: #173b72;\"><img loading=\"lazy\" decoding=\"async\" src=\"https:\/\/procana.org\/site\/wp-content\/uploads\/2021\/03\/BotonVolveraLineadeTiempo.jpg\" width=\"194\" height=\"35\" alt=\"\" class=\"wp-image-1587 alignnone size-full\" \/><\/a>[\/et_pb_text][et_pb_image src=&#8221;https:\/\/procana.org\/site\/wp-content\/uploads\/2021\/03\/HistoriaAno2010.jpg&#8221; title_text=&#8221;HistoriaA\u00f1o2010&#8243; show_bottom_space=&#8221;off&#8221; force_fullwidth=&#8221;on&#8221; _builder_version=&#8221;4.8.1&#8243; _module_preset=&#8221;default&#8221; background_enable_image=&#8221;off&#8221; background_size=&#8221;contain&#8221; custom_margin=&#8221;0px|0px|0px|0px|false|false&#8221; custom_padding=&#8221;0px|0px|0px||false|false&#8221;][\/et_pb_image][et_pb_text _builder_version=&#8221;4.8.1&#8243; _module_preset=&#8221;default&#8221; text_font=&#8221;Montserrat||||||||&#8221; custom_padding=&#8221;0px|40px|0px|40px|false|false&#8221;]<\/p>\n<p align=\"left\" style=\"text-align: justify;\"><span>En noviembre de 2010 PROCA\u00d1A\u00ae realiz\u00f3 el \u2018Congreso Internacional de cultivadores de ca\u00f1a\u2019 el cual brind\u00f3 la oportunidad a m\u00e1s de 300 asistentes de escuchar las conferencias de expositores nacionales e internacionales cuyo enfoque acad\u00e9mico sobre agricultura, sostenibilidad y nuevos negocios permitieron elevados comentarios de quienes tuvieron la oportunidad de actualizarse y ampliar sus conocimientos sobre las proyecciones del comercio del az\u00facar en el mundo; la supremac\u00eda brasilera en los mercados internacionales y en la producci\u00f3n y consumo de alcohol carburante; las formas para sembrar ca\u00f1a a trav\u00e9s de pr\u00e1cticas sostenibles, entre otros temas. Los resultados de este evento merecieron que Bonsucro invitara a PROCA\u00d1A\u00ae a ser parte de la entidad y al a\u00f1o siguiente convidaron al presidente de nuestra junta directiva a ser parte de la junta de Bonsucro.<span id=\"2011\"><\/span><\/span><\/p>\n<p align=\"left\" style=\"text-align: justify;\"><span>Decididos a fortalecer la calidad de nuestros servicios llevamos a cabo el proceso para lograr la certificaci\u00f3n de calidad ICONTEC y en el marco del \u2018Congreso Internacional de 2010\u2019, la Asociaci\u00f3n recibi\u00f3 la certificaci\u00f3n ISO 9001:2008 para los servicios de asistencia t\u00e9cnica, uno de los mayores logros con el que hemos garantizado el fortalecimiento de la cultura de servicio al cliente y el compromiso con el mejoramiento continuo.<\/span>\n<\/p>\n<p><a href=\"#timeline\" style=\"font-size: 12px; color: #173b72;\"><img loading=\"lazy\" decoding=\"async\" src=\"https:\/\/procana.org\/site\/wp-content\/uploads\/2021\/03\/BotonVolveraLineadeTiempo.jpg\" width=\"194\" height=\"35\" alt=\"\" class=\"wp-image-1587 alignnone size-full\" \/><\/a>[\/et_pb_text][et_pb_image src=&#8221;https:\/\/procana.org\/site\/wp-content\/uploads\/2021\/03\/HistoriaAno2011.jpg&#8221; title_text=&#8221;HistoriaA\u00f1o2011&#8243; show_bottom_space=&#8221;off&#8221; force_fullwidth=&#8221;on&#8221; _builder_version=&#8221;4.8.1&#8243; _module_preset=&#8221;default&#8221; background_enable_image=&#8221;off&#8221; background_size=&#8221;contain&#8221; custom_margin=&#8221;0px|0px|0px|0px|false|false&#8221; custom_padding=&#8221;0px|0px|0px||false|false&#8221;][\/et_pb_image][et_pb_text _builder_version=&#8221;4.8.1&#8243; _module_preset=&#8221;default&#8221; text_font=&#8221;Montserrat||||||||&#8221; custom_padding=&#8221;0px|40px|0px|40px|true|false&#8221;]<\/p>\n<p align=\"left\"><img loading=\"lazy\" decoding=\"async\" src=\"https:\/\/procana.org\/site\/wp-content\/uploads\/2021\/03\/img-historia1c-01.png\" width=\"300\" height=\"351\" alt=\"\" class=\"wp-image-1118 alignleft size-full\" \/><\/p>\n<p align=\"left\" style=\"text-align: justify;\"><span>En 2011 y por iniciativa del Ministerio de Agricultura y Desarrollo Rural se dio inicio a la conformaci\u00f3n de la Cadena de la Ca\u00f1a de Az\u00facar con la participaci\u00f3n de Cenica\u00f1a, PROCA\u00d1A\u00ae, Azucari y Asoca\u00f1a con el objetivo de construir estrategias que permitan aprovechar las oportunidades de los tratados de libre comercio, mejorar la productividad y la competitividad y propender por la permanencia de los instrumentos de pol\u00edtica para el sector.<span id=\"2012\"><\/span><\/span><\/p>\n<p align=\"left\" style=\"text-align: justify;\"><span>En septiembre de 2011 nuestra Asamblea de afiliados aprueba la creaci\u00f3n del \u2018Fondo por la\u00a0\u00a0 Sostenibilidad\u00a0\u00a0 del Sector\u00a0\u00a0 de\u00a0\u00a0 la\u00a0\u00a0 Ca\u00f1a\u00a0\u00a0 de\u00a0\u00a0 Az\u00facar\u2019, cuya\u00a0\u00a0 misi\u00f3n es contribuir a FORTALECER la CONCIENCIA por LA SOSTENIBILIDAD, participando en PROCESOS CONCERTADOS en lo SOCIAL, lo AMBIENTAL y lo ECON\u00d3MICO en el Valle Geogr\u00e1fico del Rio Cauca. Esta iniciativa de PROCA\u00d1A\u00ae busca mostrar a los compradores internacionales el cumplimiento de los est\u00e1ndares internacionales que los mercados cada vez m\u00e1s exigentes requieren.<\/span>\n<\/p>\n<p><a href=\"#timeline\" style=\"font-size: 12px; color: #173b72;\"><img loading=\"lazy\" decoding=\"async\" src=\"https:\/\/procana.org\/site\/wp-content\/uploads\/2021\/03\/BotonVolveraLineadeTiempo.jpg\" width=\"194\" height=\"35\" alt=\"\" class=\"wp-image-1587 alignnone size-full\" \/><\/a>[\/et_pb_text][et_pb_image src=&#8221;https:\/\/procana.org\/site\/wp-content\/uploads\/2021\/03\/HistoriaAno2012.jpg&#8221; title_text=&#8221;HistoriaA\u00f1o2012&#8243; show_bottom_space=&#8221;off&#8221; force_fullwidth=&#8221;on&#8221; _builder_version=&#8221;4.8.1&#8243; _module_preset=&#8221;default&#8221; background_enable_image=&#8221;off&#8221; background_size=&#8221;contain&#8221; custom_margin=&#8221;0px|0px|0px|0px|false|false&#8221; custom_padding=&#8221;0px|0px|0px||false|false&#8221;][\/et_pb_image][et_pb_text disabled_on=&#8221;on|on|off&#8221; _builder_version=&#8221;4.8.1&#8243; _module_preset=&#8221;default&#8221; text_font=&#8221;Montserrat||||||||&#8221; custom_padding=&#8221;0px|40px|0px|40px|false|false&#8221;]<\/p>\n<p align=\"left\" style=\"text-align: justify;\"><span id=\"2013\"><\/span><span><img loading=\"lazy\" decoding=\"async\" src=\"https:\/\/procana.org\/site\/wp-content\/uploads\/2021\/03\/img-historia1d-01.png\" width=\"235\" height=\"111\" alt=\"\" class=\"wp-image-1122 alignright size-full\" \/>En el a\u00f1o 2012 fortalecimos las relaciones internacionales con la participaci\u00f3n de representantes del Gremio como conferencistas en los eventos anuales de Bonsucro y WABCG realizados en Londres, al tiempo que varias Ong\u00b4s internacionales manifestaron su inter\u00e9s de apoyar los proyectos del Fondo y exaltaron la labor de PROCA\u00d1A\u00ae.<br \/> <\/span><\/p>\n<p><a href=\"#timeline\" style=\"font-size: 12px; color: #173b72;\"><img loading=\"lazy\" decoding=\"async\" src=\"https:\/\/procana.org\/site\/wp-content\/uploads\/2021\/03\/BotonVolveraLineadeTiempo.jpg\" width=\"194\" height=\"35\" alt=\"\" class=\"wp-image-1587 alignnone size-full\" \/><\/a>[\/et_pb_text][et_pb_text disabled_on=&#8221;off|off|on&#8221; _builder_version=&#8221;4.8.1&#8243; _module_preset=&#8221;default&#8221; text_font=&#8221;Montserrat||||||||&#8221; custom_padding=&#8221;0px|40px|0px|40px|false|false&#8221;]<\/p>\n<p align=\"left\" style=\"text-align: justify;\"><span>En el a\u00f1o 2012 fortalecimos las relaciones internacionales con la participaci\u00f3n de representantes del Gremio como conferencistas en los eventos anuales de Bonsucro y WABCG realizados en Londres, al tiempo que varias Ong\u00b4s internacionales manifestaron su inter\u00e9s de apoyar los proyectos del Fondo y exaltaron la labor de PROCA\u00d1A\u00ae.<br \/> <\/span><\/p>\n<p><a href=\"#timeline\" style=\"font-size: 12px; color: #173b72;\"><img loading=\"lazy\" decoding=\"async\" src=\"https:\/\/procana.org\/site\/wp-content\/uploads\/2021\/03\/BotonVolveraLineadeTiempo.jpg\" width=\"194\" height=\"35\" alt=\"\" class=\"wp-image-1587 alignnone size-full\" \/><\/a>[\/et_pb_text][et_pb_image src=&#8221;https:\/\/procana.org\/site\/wp-content\/uploads\/2021\/03\/HistoriaAno2013.jpg&#8221; title_text=&#8221;HistoriaA\u00f1o2013&#8243; show_bottom_space=&#8221;off&#8221; force_fullwidth=&#8221;on&#8221; _builder_version=&#8221;4.8.1&#8243; _module_preset=&#8221;default&#8221; background_enable_image=&#8221;off&#8221; background_size=&#8221;contain&#8221; custom_margin=&#8221;0px|0px|0px|0px|false|false&#8221; custom_padding=&#8221;0px|0px|0px||false|false&#8221;][\/et_pb_image][et_pb_text _builder_version=&#8221;4.8.1&#8243; _module_preset=&#8221;default&#8221; text_font=&#8221;Montserrat||||||||&#8221; custom_padding=&#8221;0px|40px|0px|40px|true|false&#8221;]<\/p>\n<p align=\"left\" style=\"text-align: justify;\"><span><img loading=\"lazy\" decoding=\"async\" src=\"https:\/\/procana.org\/site\/wp-content\/uploads\/2021\/03\/img-historia1e-01.png\" width=\"235\" height=\"299\" alt=\"\" class=\"wp-image-1134 alignleft size-full\" \/>Estos contactos internacionales facilitaron a PROCA\u00d1A\u00ae la idea de realizar una conferencia para sensibilizar a los actores de la Cadena de la Ca\u00f1a\u00a0\u00a0 \u00a0de Az\u00facar sobre los est\u00e1ndares internacionales y las exigencias de los compradores de az\u00facar en el mundo. Es as\u00ed como PROCA\u00d1A\u00ae realiza en marzo de 2013 el seminario internacional \u2018Impacto de la Sostenibilidad en la Rentabilidad del Sector de la Ca\u00f1a de Az\u00facar\u2019 con la participaci\u00f3n de 8 conferencistas internacionales y 4 nacionales. Como resultado los ca\u00f1icultores manifestaron su intenci\u00f3n de iniciar el proceso de adopci\u00f3n de la sostenibilidad, para lo cual PROCA\u00d1A\u00ae eval\u00faa los mecanismos m\u00e1s eficientes para ser rentablemente sostenibles.<span id=\"2014\"><\/span><\/span><\/p>\n<p align=\"left\" style=\"text-align: justify;\"><span>Al finalizar el 2013 nace el\u00a0<\/span>\u2018FONDO CULTIVA\u00ae\u2019<span>\u00a0para apoyar el desarrollo productivo y sostenible del sector agroindustrial de la Ca\u00f1a de Az\u00facar, generando procesos de entrenamiento integral en pr\u00e1cticas agr\u00edcolas eficientes y respetuosas del medio ambiente, que contribuyan a mejorar las condiciones, la calidad de vida de las comunidades y trabajadores optimizando la productividad y rentabilidad de toda la cadena de valor.<\/span>\n<\/p>\n<p><a href=\"#timeline\" style=\"font-size: 12px; color: #173b72;\"><img loading=\"lazy\" decoding=\"async\" src=\"https:\/\/procana.org\/site\/wp-content\/uploads\/2021\/03\/BotonVolveraLineadeTiempo.jpg\" width=\"194\" height=\"35\" alt=\"\" class=\"wp-image-1587 alignnone size-full\" \/><\/a>[\/et_pb_text][et_pb_image src=&#8221;https:\/\/procana.org\/site\/wp-content\/uploads\/2021\/03\/HistoriaAno2014.jpg&#8221; title_text=&#8221;HistoriaA\u00f1o2014&#8243; show_bottom_space=&#8221;off&#8221; force_fullwidth=&#8221;on&#8221; _builder_version=&#8221;4.8.1&#8243; _module_preset=&#8221;default&#8221; background_enable_image=&#8221;off&#8221; background_size=&#8221;contain&#8221; custom_margin=&#8221;0px|0px|0px|0px|false|false&#8221; custom_padding=&#8221;0px|0px|0px||false|false&#8221;][\/et_pb_image][et_pb_text _builder_version=&#8221;4.8.1&#8243; _module_preset=&#8221;default&#8221; text_font=&#8221;Montserrat||||||||&#8221; custom_padding=&#8221;0px|40px|0px|40px|true|false&#8221;]<\/p>\n<p align=\"left\" style=\"text-align: justify;\"><span id=\"2015\"><\/span><span>En mayo de 2014, la Asociaci\u00f3n cre\u00f3 un espacio denominado\u00a0Expoca\u00f1a Internacional\u00ae, evento que se consolid\u00f3 como vitrina para mostrar el trabajo y desarrollo de la cadena productiva de la ca\u00f1a de az\u00facar. Durante dos d\u00edas m\u00e1s de 400 asistentes compartieron conocimientos gracias a la agenda acad\u00e9mica que cont\u00f3 con 10 conferencistas nacionales e internacionales. La muestra comercial se convirti\u00f3 en el espacio para conocer sobre herramientas, tecnolog\u00eda e insumos que van acordes con la propuesta de adopci\u00f3n de pr\u00e1cticas sostenibles. Queda determinado que\u00a0Expoca\u00f1a Internacional\u00ae<strong>\u00a0<\/strong>ser\u00e1 un encuentro acad\u00e9mico, comercial y social que se realizar\u00e1 cada dos a\u00f1os.<br \/> <\/span><\/p>\n<p><a href=\"#timeline\" style=\"font-size: 12px; color: #173b72;\"><img loading=\"lazy\" decoding=\"async\" src=\"https:\/\/procana.org\/site\/wp-content\/uploads\/2021\/03\/BotonVolveraLineadeTiempo.jpg\" width=\"194\" height=\"35\" alt=\"\" class=\"wp-image-1587 alignnone size-full\" \/><\/a>[\/et_pb_text][et_pb_image src=&#8221;https:\/\/procana.org\/site\/wp-content\/uploads\/2021\/03\/HistoriaAno2015.jpg&#8221; title_text=&#8221;HistoriaA\u00f1o2015&#8243; show_bottom_space=&#8221;off&#8221; force_fullwidth=&#8221;on&#8221; _builder_version=&#8221;4.8.1&#8243; _module_preset=&#8221;default&#8221; background_enable_image=&#8221;off&#8221; background_size=&#8221;contain&#8221; custom_margin=&#8221;0px|0px|0px|0px|false|false&#8221; custom_padding=&#8221;0px|0px|0px||false|false&#8221;][\/et_pb_image][et_pb_text disabled_on=&#8221;on|on|off&#8221; _builder_version=&#8221;4.8.1&#8243; _module_preset=&#8221;default&#8221; text_font=&#8221;Montserrat||||||||&#8221; custom_padding=&#8221;0px|40px|0px|40px|true|false&#8221;]<\/p>\n<p align=\"left\" style=\"text-align: justify;\"><img loading=\"lazy\" decoding=\"async\" src=\"https:\/\/procana.org\/site\/wp-content\/uploads\/2021\/03\/img-historia1f-01-101x300.png\" width=\"173\" height=\"514\" alt=\"\" class=\"wp-image-1135 alignright size-medium\" \/><\/p>\n<p align=\"left\" style=\"text-align: justify;\"><span>En febrero de 2015 realizamos el Seminario Internacional \u201cNegocios con valor agregado en ca\u00f1a: etanol, energ\u00eda y recuperaci\u00f3n de la capacidad productiva del suelo\u201d en el cual se reunieron as de 220 ca\u00f1icultores y miembros de los ingenios ubicados en el valle geogr\u00e1fico del Rio Cauca, con conferencistas nacionales e internacionales, cuyo objetivo fue dar a conocer el potencial cal\u00f3rico y econ\u00f3mico de la biomasa de la ca\u00f1a de az\u00facar para el mejoramiento del suelo y la cogeneraci\u00f3n de energ\u00eda. Tambi\u00e9n se abordaron temas como el aprovechamiento de las mieles de ca\u00f1a en la producci\u00f3n de etanol y los avances de las investigaciones sobre la producci\u00f3n de etanol de segunda generaci\u00f3n. Asimismo, se present\u00f3 la metodolog\u00eda \u201cConsecana\u201d, modalidad utilizada por Orplana en Brasil para pagar a sus ca\u00f1icultores.<\/span><\/p>\n<p align=\"left\" style=\"text-align: justify;\"><span>Entre noviembre de 2014 y mayo de 2015\u00a0<\/span>PROCA\u00d1A\u00ae<strong><span>\u00a0<\/span><\/strong><span>defini\u00f3 el Direccionamiento Estrat\u00e9gico 2015-2020, el cual permiti\u00f3 reconocer las fortalezas y las debilidades, as\u00ed como las oportunidades y las amenazas que presenta el entorno socioecon\u00f3mico en el cual se desarrollan las actividades de la Asociaci\u00f3n. La Asamblea aprob\u00f3 el Nuevo Direccionamiento y la ejecuci\u00f3n de los 3 planes de acci\u00f3n definidos para el cumplimiento de los objetivos estrat\u00e9gicos de\u00a0<\/span>PROCA\u00d1A\u00ae.<\/p>\n<p align=\"left\" style=\"text-align: justify;\"><span><span id=\"2016\"><\/span>El 13 de octubre de 2015,\u00a0<\/span>PROCA\u00d1A<span>\u00ae firm\u00f3 dos convenios de financiamiento con Solidaridad, entidad internacional, para la creaci\u00f3n del Proyecto F\u00e9nix, cuyo objetivo es recorrer el camino de la Sostenibilidad con los cultivadores de ca\u00f1a de az\u00facar en Colombia, entendiendo Sostenibilidad como la capacidad de continuar el negocio en el tiempo. F\u00e9nix es un proyecto que incluye tres etapas: Transformaci\u00f3n, Creaci\u00f3n de Capacidad y Masificaci\u00f3n. En su primera etapa, denominada \u201cTransformaci\u00f3n\u201d, se realiza una alianza estrat\u00e9gica entre Proca\u00f1a, Solidaridad, Avenzza, Cenica\u00f1a y los ingenios Manuelita y La Caba\u00f1a, con el apoyo del Ministerio de Agricultura y Desarrollo Rural, para adaptar la Herramienta \u201cHorizonte Rural\u201d de Solidaridad, plataforma tecnol\u00f3gica de autoevaluaci\u00f3n que promueve el mejoramiento de la producci\u00f3n de ca\u00f1a de az\u00facar sostenible para aplicarla al contexto colombiano.<\/span>\n<\/p>\n<p><a href=\"#timeline\" style=\"font-size: 12px; color: #173b72;\"><img loading=\"lazy\" decoding=\"async\" src=\"https:\/\/procana.org\/site\/wp-content\/uploads\/2021\/03\/BotonVolveraLineadeTiempo.jpg\" width=\"194\" height=\"35\" alt=\"\" class=\"wp-image-1587 alignnone size-full\" \/><\/a>\n<\/p>\n<p>[\/et_pb_text][et_pb_text disabled_on=&#8221;off|off|on&#8221; _builder_version=&#8221;4.8.1&#8243; _module_preset=&#8221;default&#8221; text_font=&#8221;Montserrat||||||||&#8221; custom_padding=&#8221;0px|40px|0px|40px|true|false&#8221;]<\/p>\n<p align=\"left\" style=\"text-align: justify;\"><span>En febrero de 2015 realizamos el Seminario Internacional \u201cNegocios con valor agregado en ca\u00f1a: etanol, energ\u00eda y recuperaci\u00f3n de la capacidad productiva del suelo\u201d en el cual se reunieron as de 220 ca\u00f1icultores y miembros de los ingenios ubicados en el valle geogr\u00e1fico del Rio Cauca, con conferencistas nacionales e internacionales, cuyo objetivo fue dar a conocer el potencial cal\u00f3rico y econ\u00f3mico de la biomasa de la ca\u00f1a de az\u00facar para el mejoramiento del suelo y la cogeneraci\u00f3n de energ\u00eda. Tambi\u00e9n se abordaron temas como el aprovechamiento de las mieles de ca\u00f1a en la producci\u00f3n de etanol y los avances de las investigaciones sobre la producci\u00f3n de etanol de segunda generaci\u00f3n. Asimismo, se present\u00f3 la metodolog\u00eda \u201cConsecana\u201d, modalidad utilizada por Orplana en Brasil para pagar a sus ca\u00f1icultores.<\/span><\/p>\n<p align=\"left\" style=\"text-align: justify;\"><span>Entre noviembre de 2014 y mayo de 2015\u00a0<\/span>PROCA\u00d1A\u00ae<strong><span>\u00a0<\/span><\/strong><span>defini\u00f3 el Direccionamiento Estrat\u00e9gico 2015-2020, el cual permiti\u00f3 reconocer las fortalezas y las debilidades, as\u00ed como las oportunidades y las amenazas que presenta el entorno socioecon\u00f3mico en el cual se desarrollan las actividades de la Asociaci\u00f3n. La Asamblea aprob\u00f3 el Nuevo Direccionamiento y la ejecuci\u00f3n de los 3 planes de acci\u00f3n definidos para el cumplimiento de los objetivos estrat\u00e9gicos de\u00a0<\/span>PROCA\u00d1A\u00ae.<\/p>\n<p align=\"left\" style=\"text-align: justify;\"><span>El 13 de octubre de 2015,\u00a0<\/span>PROCA\u00d1A<span>\u00ae firm\u00f3 dos convenios de financiamiento con Solidaridad, entidad internacional, para la creaci\u00f3n del Proyecto F\u00e9nix, cuyo objetivo es recorrer el camino de la Sostenibilidad con los cultivadores de ca\u00f1a de az\u00facar en Colombia, entendiendo Sostenibilidad como la capacidad de continuar el negocio en el tiempo. F\u00e9nix es un proyecto que incluye tres etapas: Transformaci\u00f3n, Creaci\u00f3n de Capacidad y Masificaci\u00f3n. En su primera etapa, denominada \u201cTransformaci\u00f3n\u201d, se realiza una alianza estrat\u00e9gica entre Proca\u00f1a, Solidaridad, Avenzza, Cenica\u00f1a y los ingenios Manuelita y La Caba\u00f1a, con el apoyo del Ministerio de Agricultura y Desarrollo Rural, para adaptar la Herramienta \u201cHorizonte Rural\u201d de Solidaridad, plataforma tecnol\u00f3gica de autoevaluaci\u00f3n que promueve el mejoramiento de la producci\u00f3n de ca\u00f1a de az\u00facar sostenible para aplicarla al contexto colombiano.<\/span><\/p>\n<p><a href=\"#timeline\" style=\"font-size: 12px; color: #173b72;\"><img loading=\"lazy\" decoding=\"async\" src=\"https:\/\/procana.org\/site\/wp-content\/uploads\/2021\/03\/BotonVolveraLineadeTiempo.jpg\" width=\"194\" height=\"35\" alt=\"\" class=\"wp-image-1587 alignnone size-full\" \/><\/a><\/p>\n<p>[\/et_pb_text][et_pb_image src=&#8221;https:\/\/procana.org\/site\/wp-content\/uploads\/2021\/03\/HistoriaAno2016.jpg&#8221; title_text=&#8221;HistoriaA\u00f1o2016&#8243; show_bottom_space=&#8221;off&#8221; force_fullwidth=&#8221;on&#8221; _builder_version=&#8221;4.8.1&#8243; _module_preset=&#8221;default&#8221; background_enable_image=&#8221;off&#8221; background_size=&#8221;contain&#8221; custom_margin=&#8221;0px|0px|0px|0px|false|false&#8221; custom_padding=&#8221;0px|0px|0px||false|false&#8221;][\/et_pb_image][et_pb_text _builder_version=&#8221;4.8.1&#8243; _module_preset=&#8221;default&#8221; text_font=&#8221;Montserrat||||||||&#8221; custom_padding=&#8221;0px|40px|0px|40px|true|false&#8221;]<\/p>\n<p align=\"left\" style=\"text-align: justify;\"><span>En el 2016, al t\u00e9rmino del consejo realizado en Versalles, Francia, entre el 9 y 11 de mayo por la WABCG, la Asociaci\u00f3n Mundial de Productores de Ca\u00f1a y Remolacha Azucarera (The World Association of Beet and Cane Growers), la Dra. Martha Betancourt Morales, directora Ejecutiva de Proca\u00f1a fue elegida por Colombia como representante de la ca\u00f1a y sustitutos a nivel mundial, junto a delegados de Tanzania, M\u00e9xico, Costa de Marfil, Brasil e India. <\/span><\/p>\n<p align=\"left\" style=\"text-align: justify;\"><span>En junio de 2016 se llev\u00f3 a cabo la segunda versi\u00f3n de Expoca\u00f1a Internacional\u00ae, evento cuya finalidad fue mostrar en un mismo espacio el impacto social, las pr\u00e1cticas sostenibles, la productividad, la innovaci\u00f3n y el desarrollo econ\u00f3mico que generan cada uno de los eslabones de la cadena productiva. En cuanto a la agenda acad\u00e9mica se cont\u00f3 con la participaci\u00f3n de expertos conferencistas nacionales e internacionales quienes presentaron experiencias exitosas a los m\u00e1s de 500 asistentes. Tambi\u00e9n se tuvo la muestra comercial que permiti\u00f3 realizar contactos, intercambiar conocimientos y experiencias con empresas de bienes y servicios, cultivadores de ca\u00f1a, ingenios, trapiches, empresarios del campo y entidades gubernamentales. <span id=\"2017\"><\/span><\/span><\/p>\n<p align=\"left\" style=\"text-align: justify;\"><span>Durante 2016, con el grupo t\u00e9cnico conformado por Ca\u00f1icultores, Avenzza, Cenica\u00f1a, Ingenios La Caba\u00f1a y Manuelita, Ministerio de Agricultura y Solidaridad desarrollamos la primera versi\u00f3n de la Gu\u00eda de Ca\u00f1a Sostenible para Colombia y del Diagn\u00f3stico de Desempe\u00f1o. Posteriormente, 17 ca\u00f1icultores pusieron a prueba la gu\u00eda.<br \/> <\/span><\/p>\n<p><a href=\"#timeline\" style=\"font-size: 12px; color: #173b72;\"><img loading=\"lazy\" decoding=\"async\" src=\"https:\/\/procana.org\/site\/wp-content\/uploads\/2021\/03\/BotonVolveraLineadeTiempo.jpg\" width=\"194\" height=\"35\" alt=\"\" class=\"wp-image-1587 alignnone size-full\" \/><\/a><\/p>\n<p>[\/et_pb_text][et_pb_image src=&#8221;https:\/\/procana.org\/site\/wp-content\/uploads\/2021\/03\/HistoriaAno2017.jpg&#8221; title_text=&#8221;HistoriaA\u00f1o2017&#8243; show_bottom_space=&#8221;off&#8221; force_fullwidth=&#8221;on&#8221; _builder_version=&#8221;4.8.1&#8243; _module_preset=&#8221;default&#8221; background_enable_image=&#8221;off&#8221; background_size=&#8221;contain&#8221; custom_margin=&#8221;0px|0px|0px|0px|false|false&#8221; custom_padding=&#8221;0px|0px|0px||false|false&#8221;][\/et_pb_image][et_pb_text _builder_version=&#8221;4.8.1&#8243; _module_preset=&#8221;default&#8221; text_font=&#8221;Montserrat||||||||&#8221; custom_padding=&#8221;0px|40px|0px|40px|true|false&#8221;]<\/p>\n<p align=\"left\" style=\"text-align: justify;\"><span id=\"2018\"><\/span><span><img loading=\"lazy\" decoding=\"async\" src=\"https:\/\/procana.org\/site\/wp-content\/uploads\/2021\/03\/img-historia1g-01.png\" width=\"235\" height=\"183\" alt=\"\" class=\"wp-image-1136 alignleft size-full\" \/>En el 2017, contando con el apoyo adicional del Fondo Cultiva y la CVC, se desarroll\u00f3 el Plan de Acci\u00f3n, puesto a prueba por 17 ca\u00f1icultores. Adem\u00e1s, 50 ca\u00f1icultores se vincularon al proyecto para diligenciar la gu\u00eda, recibir el diagn\u00f3stico confidencial, el plan de acci\u00f3n y participar en talleres sobre pr\u00e1cticas productivas sostenibles en manejo de suelos y agua.<br \/> <\/span><\/p>\n<p><a href=\"#timeline\" style=\"font-size: 12px; color: #173b72;\"><img loading=\"lazy\" decoding=\"async\" src=\"https:\/\/procana.org\/site\/wp-content\/uploads\/2021\/03\/BotonVolveraLineadeTiempo.jpg\" width=\"194\" height=\"35\" alt=\"\" class=\"wp-image-1587 alignnone size-full\" \/><\/a><\/p>\n<p>[\/et_pb_text][et_pb_image src=&#8221;https:\/\/procana.org\/site\/wp-content\/uploads\/2021\/03\/HistoriaAno2018.jpg&#8221; title_text=&#8221;HistoriaA\u00f1o2018&#8243; show_bottom_space=&#8221;off&#8221; force_fullwidth=&#8221;on&#8221; _builder_version=&#8221;4.8.1&#8243; _module_preset=&#8221;default&#8221; background_enable_image=&#8221;off&#8221; background_size=&#8221;contain&#8221; custom_margin=&#8221;0px|0px|0px|0px|false|false&#8221; custom_padding=&#8221;0px|0px|0px||false|false&#8221;][\/et_pb_image][et_pb_text disabled_on=&#8221;on|on|off&#8221; _builder_version=&#8221;4.8.1&#8243; _module_preset=&#8221;default&#8221; text_font=&#8221;Montserrat||||||||&#8221; custom_padding=&#8221;0px|40px|0px|40px|true|false&#8221; hover_enabled=&#8221;0&#8243; sticky_enabled=&#8221;0&#8243;]<\/p>\n<p align=\"left\" style=\"text-align: justify;\"><span><img loading=\"lazy\" decoding=\"async\" src=\"https:\/\/procana.org\/site\/wp-content\/uploads\/2021\/03\/img-historia1h-01.png\" width=\"235\" height=\"543\" alt=\"\" class=\"wp-image-1137 alignright size-full\" \/><\/span><\/p>\n<p align=\"left\" style=\"text-align: justify;\"><span>Para 2018, se realiza la fase 3 en la que se implementar\u00e1 el Plan de Acci\u00f3n de los productores de ca\u00f1a vinculados, a trav\u00e9s de visitas de seguimiento y medici\u00f3n del avance en la adopci\u00f3n de pr\u00e1cticas de gesti\u00f3n y producci\u00f3n de ca\u00f1a sostenible. <\/span><\/p>\n<p align=\"left\" style=\"text-align: justify;\"><span>En mayo de 2018 se desarroll\u00f3 la tercera edici\u00f3n de Expoca\u00f1a Internacional\u00ae, consolid\u00e1ndose como el evento acad\u00e9mico y ferial m\u00e1s importante de la Agroindustria de la Ca\u00f1a de az\u00facar. En esta versi\u00f3n se dieron a conocer las bondades del cultivo de la ca\u00f1a como uno de los principales aliados para adaptarse a los efectos del cambio clim\u00e1tico; las perspectivas y realidades del mercado de la ca\u00f1a, az\u00facar, energ\u00eda y biocombustibles; adem\u00e1s de los requerimientos cada vez m\u00e1s exigentes de los consumidores y compradores, quienes prefieren productos sostenibles. Tambi\u00e9n se destac\u00f3 la contribuci\u00f3n de los residuos de cosecha en el mejoramiento de los suelos y las opciones de generaci\u00f3n de energ\u00eda limpia basada en Ca\u00f1a, adem\u00e1s del impacto de implementar procesos de Integraci\u00f3n Generacional y Gobierno Corporativo para garantizar la sostenibilidad del negocio agr\u00edcola. <span id=\"2019\"><\/span><\/span><\/p>\n<p align=\"left\" style=\"text-align: justify;\"><span>Finalizando el 2018, Proca\u00f1a inicia su operaci\u00f3n desde su nueva sede en Centroempresa, acondicionada con los requerimientos necesarios para prestar los servicios a los afiliados con comodidad, f\u00e1cil acceso y seguridad. Es importante destacar que en esta Sede se invirtieron los recursos provenientes de la operaci\u00f3n y la gesti\u00f3n de Proca\u00f1a en los \u00faltimos a\u00f1os.<br \/> <\/span><\/p>\n<p><a href=\"#timeline\" style=\"font-size: 12px; color: #173b72;\"><img loading=\"lazy\" decoding=\"async\" src=\"https:\/\/procana.org\/site\/wp-content\/uploads\/2021\/03\/BotonVolveraLineadeTiempo.jpg\" width=\"194\" height=\"35\" alt=\"\" class=\"wp-image-1587 alignnone size-full\" \/><\/a><\/p>\n<p>[\/et_pb_text][et_pb_text disabled_on=&#8221;off|off|on&#8221; _builder_version=&#8221;4.8.1&#8243; _module_preset=&#8221;default&#8221; text_font=&#8221;Montserrat||||||||&#8221; custom_padding=&#8221;0px|40px|0px|40px|true|false&#8221; hover_enabled=&#8221;0&#8243; sticky_enabled=&#8221;0&#8243;]<\/p>\n<p align=\"left\" style=\"text-align: justify;\"><span>Para 2018, se realiza la fase 3 en la que se implementar\u00e1 el Plan de Acci\u00f3n de los productores de ca\u00f1a vinculados, a trav\u00e9s de visitas de seguimiento y medici\u00f3n del avance en la adopci\u00f3n de pr\u00e1cticas de gesti\u00f3n y producci\u00f3n de ca\u00f1a sostenible. <\/span><\/p>\n<p align=\"left\" style=\"text-align: justify;\"><span><span id=\"2019\"><\/span>En mayo de 2018 se desarroll\u00f3 la tercera edici\u00f3n de Expoca\u00f1a Internacional\u00ae, consolid\u00e1ndose como el evento acad\u00e9mico y ferial m\u00e1s importante de la Agroindustria de la Ca\u00f1a de az\u00facar. En esta versi\u00f3n se dieron a conocer las bondades del cultivo de la ca\u00f1a como uno de los principales aliados para adaptarse a los efectos del cambio clim\u00e1tico; las perspectivas y realidades del mercado de la ca\u00f1a, az\u00facar, energ\u00eda y biocombustibles; adem\u00e1s de los requerimientos cada vez m\u00e1s exigentes de los consumidores y compradores, quienes prefieren productos sostenibles. Tambi\u00e9n se destac\u00f3 la contribuci\u00f3n de los residuos de cosecha en el mejoramiento de los suelos y las opciones de generaci\u00f3n de energ\u00eda limpia basada en Ca\u00f1a, adem\u00e1s del impacto de implementar procesos de Integraci\u00f3n Generacional y Gobierno Corporativo para garantizar la sostenibilidad del negocio agr\u00edcola. <\/span><\/p>\n<p align=\"left\" style=\"text-align: justify;\"><span>Finalizando el 2018, Proca\u00f1a inicia su operaci\u00f3n desde su nueva sede en Centroempresa, acondicionada con los requerimientos necesarios para prestar los servicios a los afiliados con comodidad, f\u00e1cil acceso y seguridad. Es importante destacar que en esta Sede se invirtieron los recursos provenientes de la operaci\u00f3n y la gesti\u00f3n de Proca\u00f1a en los \u00faltimos a\u00f1os.<br \/> <\/span><br \/>\n<a href=\"#timeline\" style=\"font-size: 12px; color: #173b72;\"><img loading=\"lazy\" decoding=\"async\" src=\"https:\/\/procana.org\/site\/wp-content\/uploads\/2021\/03\/BotonVolveraLineadeTiempo.jpg\" width=\"194\" height=\"35\" alt=\"\" class=\"wp-image-1587 alignnone size-full\" \/><\/a><\/p>\n<p>[\/et_pb_text][et_pb_image src=&#8221;https:\/\/procana.org\/site\/wp-content\/uploads\/2021\/03\/HistoriaAno2019.jpg&#8221; title_text=&#8221;HistoriaA\u00f1o2019&#8243; show_bottom_space=&#8221;off&#8221; force_fullwidth=&#8221;on&#8221; _builder_version=&#8221;4.8.1&#8243; _module_preset=&#8221;default&#8221; background_enable_image=&#8221;off&#8221; background_size=&#8221;contain&#8221; custom_margin=&#8221;0px|0px|0px|0px|false|false&#8221; custom_padding=&#8221;0px|0px|0px||false|false&#8221;][\/et_pb_image][et_pb_text _builder_version=&#8221;4.8.1&#8243; _module_preset=&#8221;default&#8221; text_font=&#8221;Montserrat||||||||&#8221; custom_padding=&#8221;0px|40px|0px|40px|true|false&#8221;]<\/p>\n<p align=\"left\" style=\"text-align: justify;\">Iniciamos en 2019 la fase 4 del Proyecto F\u00e9nix con aportes de CVC y Fondo Cultiva ampliando el n\u00famero de beneficarios de 67 a 200 cultivadores de ca\u00f1a en la adopci\u00f3n de pr\u00e1cticas sostenibles.<\/p>\n<p align=\"left\" style=\"text-align: justify;\">Mediante un trabajo intergremial (Asoca\u00f1a y Proca\u00f1a), interinstitucional (Fundaci\u00f3n Caicedo Gonz\u00e1lez, Instituto de Estudios Interculturales de la Universidad Javeriana) con el aporte de profesionales de varias disciplinas de car\u00e1cter ambiental, social, t\u00e9cnico, pol\u00edtico y econ\u00f3mico, han trabajado en el estudio y an\u00e1lisis de la situaci\u00f3n del norte del Cauca y sur del Valle, con el objetivo de construir una estrategia incluyente y proactiva que reconozca que el desarrollo integral regional ser\u00e1 producto del aporte e integraci\u00f3n de todos y cada uno de los actores presentes en ella.<\/p>\n<p align=\"left\" style=\"text-align: justify;\"><span id=\"2020\"><\/span>Como fruto del ejercicio anterior, el Sector Agroindustrial de la Ca\u00f1a ha venido trabajando en la b\u00fasqueda de un mecanismo que permita recaudar el recurso econ\u00f3mico, que servir\u00e1 para contribuir en el mejoramiento de las condiciones sociales y ambientales de la regi\u00f3n. No hay mejor estrategia que la acci\u00f3n como mecanismo generador de confianza y la acci\u00f3n en este caso est\u00e1 plasmada en la protocolizaci\u00f3n, el 29 de abril del a\u00f1o 2019, del Fondo Social del Sector agroindustrial de la ca\u00f1a. Fondo que recauda recursos de productores de ca\u00f1a e ingenios de la misma forma como lo venimos haciendo desde 1977 para financiar el Centro de Investigaci\u00f3n Cenica\u00f1a y tendr\u00e1n destinaci\u00f3n espec\u00edfica para financiamiento de las acciones t\u00e9cnicas, sociales y ambientales, para el desarrollo y mejoramiento del entorno social de la agroindustria de la ca\u00f1a.<\/p>\n<p> <a href=\"#timeline\" style=\"font-size: 12px; color: #173b72;\"><img loading=\"lazy\" decoding=\"async\" src=\"https:\/\/procana.org\/site\/wp-content\/uploads\/2021\/03\/BotonVolveraLineadeTiempo.jpg\" width=\"194\" height=\"35\" alt=\"\" class=\"wp-image-1587 alignnone size-full\" \/><\/a><\/p>\n<p>[\/et_pb_text][et_pb_image src=&#8221;https:\/\/procana.org\/site\/wp-content\/uploads\/2021\/03\/HistoriaAno2020.jpg&#8221; title_text=&#8221;HistoriaA\u00f1o2020&#8243; show_bottom_space=&#8221;off&#8221; force_fullwidth=&#8221;on&#8221; _builder_version=&#8221;4.8.1&#8243; _module_preset=&#8221;default&#8221; background_enable_image=&#8221;off&#8221; background_size=&#8221;contain&#8221; custom_margin=&#8221;0px|0px|0px|0px|false|false&#8221; custom_padding=&#8221;0px|0px|0px||false|false&#8221;][\/et_pb_image][et_pb_text _builder_version=&#8221;4.8.1&#8243; _module_preset=&#8221;default&#8221; text_font=&#8221;Montserrat||||||||&#8221; custom_padding=&#8221;0px|40px|0px|40px|true|false&#8221;]<\/p>\n<p align=\"left\" style=\"text-align: justify;\"><span><img loading=\"lazy\" decoding=\"async\" src=\"https:\/\/procana.org\/site\/wp-content\/uploads\/2021\/03\/img-historia1i-01.png\" width=\"255\" height=\"254\" alt=\"\" class=\"wp-image-1138 alignleft size-full\" \/>En 2020, a ra\u00edz de la pandemia del Covid 19 y atendiendo las medidas de protecci\u00f3n para detener la propagaci\u00f3n de este virus, PROCA\u00d1A\u00ae adapt\u00f3 sus servicios a las nuevas tecnolog\u00edas y plataformas virtuales, estando siempre muy cerca de sus afiliados con informaci\u00f3n oportuna. <\/span><\/p>\n<p align=\"left\" style=\"text-align: justify;\"><span>En Noviembre de 2020 en conjunto con Tecnica\u00f1a realizamos el primer evento virtual CONEXI\u00d3N INTERNACIONAL DE LA CA\u00d1A, con la asistencia de mas de 500 personas entre conferencistas, patrocinadores, y asistentes nacionales e internacionales.\u00a0 Este a\u00f1o el proyecto F\u00e9nix paso a administraci\u00f3n de Cenica\u00f1a.\u00a0<\/span><\/p>\n<p align=\"left\" style=\"text-align: justify;\"><span>Es as\u00ed como PROCA\u00d1A\u00ae, a trav\u00e9s sus programas y servicios ya est\u00e1 creando conciencia, motivando a los ca\u00f1icultores y fortaleciendo el proceso de transici\u00f3n del sector de la ca\u00f1a de az\u00facar de Colombia hacia una producci\u00f3n agr\u00edcola sostenible.<br \/> <\/span> <a href=\"#timeline\" style=\"font-size: 12px; color: #173b72;\"><img loading=\"lazy\" decoding=\"async\" src=\"https:\/\/procana.org\/site\/wp-content\/uploads\/2021\/03\/BotonVolveraLineadeTiempo.jpg\" width=\"194\" height=\"35\" alt=\"\" class=\"wp-image-1587 alignnone size-full\" \/><\/a><\/p>\n<p>[\/et_pb_text][\/et_pb_column][\/et_pb_row][\/et_pb_section]<\/p>\n","protected":false},"excerpt":{"rendered":"<p>Historia de Proca\u00f1aHistoria de Proca\u00f1aPROCA\u00d1A\u00ae\u00a0fue fundada el 15 de junio de 1973 con resoluci\u00f3n No. 2769 del Ministerio de Agricultura y Desarrollo Rural y domiciliada en la ciudad de Cali, como entidad de car\u00e1cter gremial sin \u00e1nimo de lucro, que ejerce la representaci\u00f3n de las personas naturales o jur\u00eddicas que cultivan ca\u00f1a de az\u00facar. Dio [&hellip;]<\/p>\n","protected":false},"author":1,"featured_media":0,"parent":0,"menu_order":0,"comment_status":"closed","ping_status":"closed","template":"","meta":{"_et_pb_use_builder":"on","_et_pb_old_content":"<!-- wp:divi\/placeholder \/-->","_et_gb_content_width":"","footnotes":""},"class_list":["post-175","page","type-page","status-publish","hentry"],"_links":{"self":[{"href":"https:\/\/procana.org\/site\/wp-json\/wp\/v2\/pages\/175","targetHints":{"allow":["GET"]}}],"collection":[{"href":"https:\/\/procana.org\/site\/wp-json\/wp\/v2\/pages"}],"about":[{"href":"https:\/\/procana.org\/site\/wp-json\/wp\/v2\/types\/page"}],"author":[{"embeddable":true,"href":"https:\/\/procana.org\/site\/wp-json\/wp\/v2\/users\/1"}],"replies":[{"embeddable":true,"href":"https:\/\/procana.org\/site\/wp-json\/wp\/v2\/comments?post=175"}],"version-history":[{"count":41,"href":"https:\/\/procana.org\/site\/wp-json\/wp\/v2\/pages\/175\/revisions"}],"predecessor-version":[{"id":2412,"href":"https:\/\/procana.org\/site\/wp-json\/wp\/v2\/pages\/175\/revisions\/2412"}],"wp:attachment":[{"href":"https:\/\/procana.org\/site\/wp-json\/wp\/v2\/media?parent=175"}],"curies":[{"name":"wp","href":"https:\/\/api.w.org\/{rel}","templated":true}]}}