{"id":173,"date":"2021-01-21T03:13:59","date_gmt":"2021-01-21T08:13:59","guid":{"rendered":"http:\/\/localhost\/procana\/?page_id=173"},"modified":"2021-10-08T07:49:53","modified_gmt":"2021-10-08T12:49:53","slug":"mision-vision-valores","status":"publish","type":"page","link":"https:\/\/procana.org\/site\/mision-vision-valores\/","title":{"rendered":"Misi\u00f3n &#8211; Visi\u00f3n &#8211; Valores"},"content":{"rendered":"<p>[et_pb_section fb_built=&#8221;1&#8243; custom_padding_last_edited=&#8221;on|phone&#8221; disabled_on=&#8221;on|on|off&#8221; admin_label=&#8221;Section&#8221; _builder_version=&#8221;4.8.1&#8243; _module_preset=&#8221;default&#8221; background_color=&#8221;rgba(10,10,10,0.03)&#8221; background_image=&#8221;https:\/\/procana.org\/site\/wp-content\/uploads\/2021\/03\/banner-quienes-somos-01.png&#8221; background_size=&#8221;contain&#8221; custom_margin=&#8221;30px||||false|false&#8221; custom_margin_tablet=&#8221;&#8221; custom_margin_phone=&#8221;&#8221; custom_margin_last_edited=&#8221;on|phone&#8221; custom_padding=&#8221;360px||0px|0px|false|false&#8221; custom_padding_tablet=&#8221;&#8221; custom_padding_phone=&#8221;|||60px|false|false&#8221; custom_css_main_element=&#8221;top:0px;||width:100%;&#8221;][\/et_pb_section][et_pb_section fb_built=&#8221;1&#8243; custom_padding_last_edited=&#8221;on|phone&#8221; disabled_on=&#8221;off|off|on&#8221; admin_label=&#8221;Section&#8221; _builder_version=&#8221;4.8.1&#8243; _module_preset=&#8221;default&#8221; background_color=&#8221;rgba(10,10,10,0.03)&#8221; background_image=&#8221;https:\/\/procana.org\/site\/wp-content\/uploads\/2021\/03\/banner-quienes-somos-01.png&#8221; background_size=&#8221;contain&#8221; background_position=&#8221;center_right&#8221; custom_margin=&#8221;0px||-15px||false|false&#8221; custom_margin_tablet=&#8221;&#8221; custom_margin_phone=&#8221;&#8221; custom_margin_last_edited=&#8221;on|phone&#8221; custom_padding=&#8221;200px||0px|0px|false|false&#8221; custom_padding_tablet=&#8221;&#8221; custom_padding_phone=&#8221;|||60px|false|false&#8221; custom_css_main_element=&#8221;top:0px;||width:100%;&#8221;][\/et_pb_section][et_pb_section fb_built=&#8221;1&#8243; _builder_version=&#8221;4.8.1&#8243; _module_preset=&#8221;default&#8221; min_height=&#8221;806.3px&#8221; custom_padding=&#8221;19px|||||&#8221;][et_pb_row _builder_version=&#8221;4.8.1&#8243; _module_preset=&#8221;default&#8221;][et_pb_column type=&#8221;4_4&#8243; _builder_version=&#8221;4.8.1&#8243; _module_preset=&#8221;default&#8221;][et_pb_text _builder_version=&#8221;4.8.1&#8243; _module_preset=&#8221;default&#8221; text_font=&#8221;Oswald||||||||&#8221;]<\/p>\n<h3 style=\"color: #32A457;\">ASOCIACI\u00d3N COLOMBIANA DE PRODUCTORES Y PROVEEDORES DE CA\u00d1A DE AZ\u00daCAR<\/h3>\n<h4 style=\"color:#173B72;\">Cultura Proca\u00f1a<\/h4>\n<p>[\/et_pb_text][\/et_pb_column][\/et_pb_row][et_pb_row column_structure=&#8221;1_2,1_2&#8243; _builder_version=&#8221;4.8.1&#8243; _module_preset=&#8221;default&#8221; max_width=&#8221;80%&#8221;][et_pb_column type=&#8221;1_2&#8243; _builder_version=&#8221;4.8.1&#8243; _module_preset=&#8221;default&#8221; custom_css_before=&#8221;width:10%;&#8221;][et_pb_text _builder_version=&#8221;4.8.1&#8243; _module_preset=&#8221;default&#8221; text_font=&#8221;Montserrat||||||||&#8221; text_text_color=&#8221;#000000&#8243; width=&#8221;100%&#8221; custom_padding=&#8221;|0px||||&#8221; custom_css_after=&#8221;float:left;&#8221;]<\/p>\n<table width=\"100%\" style=\"border: 0; border-top: 0;\">\n<tbody>\n<tr>\n<td style=\"width: 30%;\"><img loading=\"lazy\" decoding=\"async\" src=\"https:\/\/procana.org\/site\/wp-content\/uploads\/2021\/03\/img-mision1.png\" width=\"137\" height=\"175\" alt=\"\" class=\"wp-image-1070 alignnone size-full\" \/><\/td>\n<td style=\"width: 70%;\">\n<p style=\"text-align: justify;\">Nuestra misi\u00f3n es representar a los productores y proveedores de ca\u00f1a de az\u00facar ante entidades p\u00fablicas y privadas, promoviendo la sostenibilidad jur\u00eddica, social, ambiental y econ\u00f3mica del sector agroindustrial a trav\u00e9s de programas de mejoramiento continuo que estimulen la innovaci\u00f3n y contribuyan al desarrollo del pa\u00eds.<\/p>\n<\/td>\n<\/tr>\n<\/tbody>\n<\/table>\n<p>[\/et_pb_text][\/et_pb_column][et_pb_column type=&#8221;1_2&#8243; _builder_version=&#8221;4.8.1&#8243; _module_preset=&#8221;default&#8221; custom_css_before=&#8221;width:40%;&#8221;][et_pb_text _builder_version=&#8221;4.8.1&#8243; _module_preset=&#8221;default&#8221; text_font=&#8221;Montserrat||||||||&#8221; text_text_color=&#8221;#000000&#8243;]<\/p>\n<table width=\"100%\" style=\"border: 0; border-top: 0;\">\n<tbody>\n<tr>\n<td style=\"width: 30%;\"><img loading=\"lazy\" decoding=\"async\" src=\"https:\/\/procana.org\/site\/wp-content\/uploads\/2021\/03\/img-vision1.png\" width=\"150\" height=\"174\" alt=\"\" class=\"wp-image-1071 alignnone size-full\" \/><\/td>\n<td style=\"width: 70%;\">\n<p style=\"text-align: justify;\">Ser reconocidos como generadores de opini\u00f3n, pol\u00edticas y proyectos que impacten positivamente los indicadores de sostenibilidad jur\u00eddica, social, econ\u00f3mica y ambiental del sector agroindustrial de la ca\u00f1a de az\u00facar.<\/p>\n<\/td>\n<\/tr>\n<\/tbody>\n<\/table>\n<p>[\/et_pb_text][\/et_pb_column][\/et_pb_row][et_pb_row column_structure=&#8221;1_2,1_2&#8243; _builder_version=&#8221;4.8.1&#8243; _module_preset=&#8221;default&#8221; max_width=&#8221;80%&#8221;][et_pb_column type=&#8221;1_2&#8243; _builder_version=&#8221;4.8.1&#8243; _module_preset=&#8221;default&#8221; custom_css_before=&#8221;width:10%;&#8221;][et_pb_text _builder_version=&#8221;4.8.1&#8243; _module_preset=&#8221;default&#8221; text_font=&#8221;Montserrat||||||||&#8221; text_text_color=&#8221;#000000&#8243; width=&#8221;100%&#8221; custom_padding=&#8221;|0px||||&#8221; hover_enabled=&#8221;0&#8243; custom_css_after=&#8221;float:left;&#8221; sticky_enabled=&#8221;0&#8243;]<\/p>\n<table width=\"100%\" height=\"11\" style=\"height: 11px; border: 0;\">\n<tbody>\n<tr>\n<td style=\"width: 30%;\"><img loading=\"lazy\" decoding=\"async\" src=\"https:\/\/procana.org\/site\/wp-content\/uploads\/2021\/03\/img-principios1.png\" width=\"124\" height=\"135\" alt=\"\" class=\"wp-image-1076 alignnone size-full\" \/><\/td>\n<td style=\"width: 70%;\">\n<h3 style=\"color: #173b72;\">Principios orientadores<\/h3>\n<p style=\"text-align: justify;\">En Proca\u00f1a promovemos y respetamos los valores, estos nos permiten una interacci\u00f3n arm\u00f3nica y nos llevan a alcanzar nuestros objetivos.<\/p>\n<ul>\n<li>Respeto por la confidencialidad<\/li>\n<li>Sentido de pertenencia<\/li>\n<li>Responsabilidad en el empleo de los recursos<\/li>\n<li>Responsabilidad social y ambiental<\/li>\n<li>Calidad<\/li>\n<li>Respeto por las diferencias<\/li>\n<\/ul>\n<\/td>\n<\/tr>\n<\/tbody>\n<\/table>\n<p>[\/et_pb_text][\/et_pb_column][et_pb_column type=&#8221;1_2&#8243; _builder_version=&#8221;4.8.1&#8243; _module_preset=&#8221;default&#8221; custom_css_before=&#8221;width:40%;&#8221;][et_pb_image src=&#8221;https:\/\/procana.org\/site\/wp-content\/uploads\/2021\/03\/watermark-procana-1.png&#8221; title_text=&#8221;watermark-procana&#8221; align=&#8221;center&#8221; disabled_on=&#8221;on|on|off&#8221; _builder_version=&#8221;4.8.1&#8243; _module_preset=&#8221;default&#8221;][\/et_pb_image][\/et_pb_column][\/et_pb_row][\/et_pb_section]<\/p>\n","protected":false},"excerpt":{"rendered":"<p>ASOCIACI\u00d3N COLOMBIANA DE PRODUCTORES Y PROVEEDORES DE CA\u00d1A DE AZ\u00daCAR Cultura Proca\u00f1a Nuestra misi\u00f3n es representar a los productores y proveedores de ca\u00f1a de az\u00facar ante entidades p\u00fablicas y privadas, promoviendo la sostenibilidad jur\u00eddica, social, ambiental y econ\u00f3mica del sector agroindustrial a trav\u00e9s de programas de mejoramiento continuo que estimulen la innovaci\u00f3n y contribuyan al [&hellip;]<\/p>\n","protected":false},"author":1,"featured_media":0,"parent":0,"menu_order":0,"comment_status":"closed","ping_status":"closed","template":"","meta":{"_et_pb_use_builder":"on","_et_pb_old_content":"<!-- wp:divi\/placeholder \/-->","_et_gb_content_width":"","footnotes":""},"class_list":["post-173","page","type-page","status-publish","hentry"],"_links":{"self":[{"href":"https:\/\/procana.org\/site\/wp-json\/wp\/v2\/pages\/173","targetHints":{"allow":["GET"]}}],"collection":[{"href":"https:\/\/procana.org\/site\/wp-json\/wp\/v2\/pages"}],"about":[{"href":"https:\/\/procana.org\/site\/wp-json\/wp\/v2\/types\/page"}],"author":[{"embeddable":true,"href":"https:\/\/procana.org\/site\/wp-json\/wp\/v2\/users\/1"}],"replies":[{"embeddable":true,"href":"https:\/\/procana.org\/site\/wp-json\/wp\/v2\/comments?post=173"}],"version-history":[{"count":42,"href":"https:\/\/procana.org\/site\/wp-json\/wp\/v2\/pages\/173\/revisions"}],"predecessor-version":[{"id":3419,"href":"https:\/\/procana.org\/site\/wp-json\/wp\/v2\/pages\/173\/revisions\/3419"}],"wp:attachment":[{"href":"https:\/\/procana.org\/site\/wp-json\/wp\/v2\/media?parent=173"}],"curies":[{"name":"wp","href":"https:\/\/api.w.org\/{rel}","templated":true}]}}