{"id":1561,"date":"2021-03-12T09:07:14","date_gmt":"2021-03-12T14:07:14","guid":{"rendered":"https:\/\/procana.org\/site\/?page_id=1561"},"modified":"2021-04-14T16:56:33","modified_gmt":"2021-04-14T21:56:33","slug":"representacion-gremial","status":"publish","type":"page","link":"https:\/\/procana.org\/site\/representacion-gremial\/","title":{"rendered":"Representaci\u00f3n Gremial"},"content":{"rendered":"<p>[et_pb_section fb_built=&#8221;1&#8243; custom_padding_last_edited=&#8221;on|phone&#8221; disabled_on=&#8221;on|on|off&#8221; admin_label=&#8221;Section&#8221; _builder_version=&#8221;4.8.1&#8243; _module_preset=&#8221;default&#8221; background_color=&#8221;rgba(10,10,10,0.03)&#8221; background_image=&#8221;https:\/\/procana.org\/site\/wp-content\/uploads\/2021\/03\/FotoSeccion185x1200RepresentacionGremial-1.jpg&#8221; background_size=&#8221;contain&#8221; custom_margin=&#8221;30px||||false|false&#8221; custom_margin_tablet=&#8221;&#8221; custom_margin_phone=&#8221;&#8221; custom_margin_last_edited=&#8221;on|phone&#8221; custom_padding=&#8221;360px||0px|0px|false|false&#8221; custom_padding_tablet=&#8221;&#8221; custom_padding_phone=&#8221;|||60px|false|false&#8221; custom_css_main_element=&#8221;top:0px;||width:100%;&#8221; locked=&#8221;off&#8221;][\/et_pb_section][et_pb_section fb_built=&#8221;1&#8243; custom_padding_last_edited=&#8221;on|phone&#8221; disabled_on=&#8221;off|off|on&#8221; admin_label=&#8221;Section&#8221; _builder_version=&#8221;4.8.1&#8243; _module_preset=&#8221;default&#8221; background_color=&#8221;rgba(10,10,10,0.03)&#8221; background_image=&#8221;https:\/\/procana.org\/site\/wp-content\/uploads\/2021\/03\/FotoSeccion185x1200RepresentacionGremial-1.jpg&#8221; background_size=&#8221;contain&#8221; background_position=&#8221;center_right&#8221; custom_margin=&#8221;0px||-15px||false|false&#8221; custom_margin_tablet=&#8221;&#8221; custom_margin_phone=&#8221;&#8221; custom_margin_last_edited=&#8221;on|phone&#8221; custom_padding=&#8221;200px||0px|0px|false|false&#8221; custom_padding_tablet=&#8221;&#8221; custom_padding_phone=&#8221;|||60px|false|false&#8221; custom_css_main_element=&#8221;top:0px;||width:100%;&#8221; locked=&#8221;off&#8221;][\/et_pb_section][et_pb_section fb_built=&#8221;1&#8243; _builder_version=&#8221;4.8.1&#8243; _module_preset=&#8221;default&#8221; custom_padding=&#8221;19px|||||&#8221;][et_pb_row _builder_version=&#8221;4.8.1&#8243; _module_preset=&#8221;default&#8221; background_enable_image=&#8221;off&#8221; background_position=&#8221;top_center&#8221; width=&#8221;90%&#8221; max_width=&#8221;100%&#8221; custom_margin=&#8221;0px|auto||auto|false|false&#8221;][et_pb_column type=&#8221;4_4&#8243; _builder_version=&#8221;4.8.1&#8243; _module_preset=&#8221;default&#8221;][et_pb_text disabled_on=&#8221;off|off|off&#8221; _builder_version=&#8221;4.8.1&#8243; _module_preset=&#8221;default&#8221; text_font=&#8221;Oswald||||||||&#8221; custom_margin=&#8221;-3px||10px||false|false&#8221; custom_padding=&#8221;|||0px|false|false&#8221;]<\/p>\n<h1 style=\"color: #173b72;\">Representaci\u00f3n Gremial<\/h1>\n<p>[\/et_pb_text][et_pb_text disabled_on=&#8221;on|on|off&#8221; _builder_version=&#8221;4.8.1&#8243; _module_preset=&#8221;default&#8221; text_font=&#8221;Montserrat||||||||&#8221;]<\/p>\n<table style=\"width: 100%;\">\n<tbody>\n<tr>\n<td style=\"width: 20%;\"><img loading=\"lazy\" decoding=\"async\" src=\"https:\/\/procana.org\/site\/wp-content\/uploads\/2021\/03\/IconoRepresentacionGremial.png\" width=\"171\" height=\"200\" alt=\"\" class=\"wp-image-1644 alignleft size-full\" \/><\/td>\n<td style=\"width: 80%;\">\n<p>Proca\u00f1a, es la vocera e interlocutora de los productores de ca\u00f1a para representar sus intereses antes el estado y los grupos de inter\u00e9s.<\/p>\n<ul>\n<li>An\u00e1lisis y gesti\u00f3n de pol\u00edticas publicas.<\/li>\n<li>Dise\u00f1o de programas ambientales y sociales.<\/li>\n<li>Gesti\u00f3n de seguridad en el campo y seguridad jur\u00eddica de la propiedad privada<\/li>\n<li>Aporta al desarrollo de infraestructura regional.<\/li>\n<\/ul>\n<p>Velamos por los intereses de los Productores de Ca\u00f1a de Az\u00facar de Colombia para garantizar la sostenibilidad del Sector.<\/p>\n<\/td>\n<\/tr>\n<\/tbody>\n<\/table>\n<p style=\"text-align: justify;\"><a href=\"https:\/\/procana.org\/site\/servicios-gremiales\/\" title=\"Servicios Gremiales\"><img loading=\"lazy\" decoding=\"async\" src=\"https:\/\/procana.org\/site\/wp-content\/uploads\/2021\/03\/BotonRegresar.png\" width=\"87\" height=\"36\" alt=\"\" class=\"wp-image-1657 alignnone size-full\" \/><\/a><\/p>\n<p>[\/et_pb_text][et_pb_text disabled_on=&#8221;off|off|on&#8221; _builder_version=&#8221;4.8.1&#8243; _module_preset=&#8221;default&#8221; text_font=&#8221;Montserrat||||||||&#8221; hover_enabled=&#8221;0&#8243; sticky_enabled=&#8221;0&#8243;]<\/p>\n<table style=\"width: 100%;\">\n<tbody>\n<tr>\n<td style=\"width: 80%;\"><img loading=\"lazy\" decoding=\"async\" src=\"https:\/\/procana.org\/site\/wp-content\/uploads\/2021\/03\/IconoRepresentacionGremial.png\" width=\"171\" height=\"200\" alt=\"\" class=\"wp-image-1644 aligncenter size-full\" \/><\/td>\n<\/tr>\n<tr>\n<td style=\"width: 80%;\">\n<p style=\"text-align: justify;\">Proca\u00f1a, es la vocera e interlocutora de los productores de ca\u00f1a para representar sus intereses antes el estado y los grupos de inter\u00e9s.<\/p>\n<ul>\n<li>An\u00e1lisis y gesti\u00f3n de pol\u00edticas publicas.<\/li>\n<li>Dise\u00f1o de programas ambientales y sociales.<\/li>\n<li>Gesti\u00f3n de seguridad en el campo y seguridad jur\u00eddica de la propiedad privada<\/li>\n<li>Aporta al desarrollo de infraestructura regional.<\/li>\n<\/ul>\n<p style=\"text-align: justify;\">Velamos por los intereses de los Productores de Ca\u00f1a de Az\u00facar de Colombia para garantizar la sostenibilidad del Sector.<\/p>\n<\/td>\n<\/tr>\n<\/tbody>\n<\/table>\n<p style=\"text-align: justify;\"><a href=\"https:\/\/procana.org\/site\/servicios-gremiales\/\" title=\"Servicios Gremiales\"><img loading=\"lazy\" decoding=\"async\" src=\"https:\/\/procana.org\/site\/wp-content\/uploads\/2021\/03\/BotonRegresar.png\" width=\"87\" height=\"36\" alt=\"\" class=\"wp-image-1657 alignnone size-full\" \/><\/a><\/p>\n<p>[\/et_pb_text][et_pb_code _builder_version=&#8221;4.8.1&#8243; _module_preset=&#8221;default&#8221;]<iframe class=\"responsive-iframe\" style=\"position: absolute; top: 0; left: 0; bottom: 0; right: 0; width: 100%; height: 100%;\" src=\"https:\/\/procana.org\/site\/custom\/circulo-servicios.html\"><\/iframe>[\/et_pb_code][\/et_pb_column][\/et_pb_row][\/et_pb_section]<\/p>\n","protected":false},"excerpt":{"rendered":"<p>Representaci\u00f3n Gremial Proca\u00f1a, es la vocera e interlocutora de los productores de ca\u00f1a para representar sus intereses antes el estado y los grupos de inter\u00e9s. An\u00e1lisis y gesti\u00f3n de pol\u00edticas publicas. Dise\u00f1o de programas ambientales y sociales. Gesti\u00f3n de seguridad en el campo y seguridad jur\u00eddica de la propiedad privada Aporta al desarrollo de infraestructura [&hellip;]<\/p>\n","protected":false},"author":1,"featured_media":0,"parent":0,"menu_order":0,"comment_status":"closed","ping_status":"closed","template":"","meta":{"_et_pb_use_builder":"on","_et_pb_old_content":"","_et_gb_content_width":"","footnotes":""},"class_list":["post-1561","page","type-page","status-publish","hentry"],"_links":{"self":[{"href":"https:\/\/procana.org\/site\/wp-json\/wp\/v2\/pages\/1561","targetHints":{"allow":["GET"]}}],"collection":[{"href":"https:\/\/procana.org\/site\/wp-json\/wp\/v2\/pages"}],"about":[{"href":"https:\/\/procana.org\/site\/wp-json\/wp\/v2\/types\/page"}],"author":[{"embeddable":true,"href":"https:\/\/procana.org\/site\/wp-json\/wp\/v2\/users\/1"}],"replies":[{"embeddable":true,"href":"https:\/\/procana.org\/site\/wp-json\/wp\/v2\/comments?post=1561"}],"version-history":[{"count":11,"href":"https:\/\/procana.org\/site\/wp-json\/wp\/v2\/pages\/1561\/revisions"}],"predecessor-version":[{"id":2585,"href":"https:\/\/procana.org\/site\/wp-json\/wp\/v2\/pages\/1561\/revisions\/2585"}],"wp:attachment":[{"href":"https:\/\/procana.org\/site\/wp-json\/wp\/v2\/media?parent=1561"}],"curies":[{"name":"wp","href":"https:\/\/api.w.org\/{rel}","templated":true}]}}